{"id":12094,"date":"2026-01-14T01:29:59","date_gmt":"2026-01-14T01:29:59","guid":{"rendered":"https:\/\/medirelax.nl\/?post_type=product&#038;p=12094"},"modified":"2026-02-07T15:14:05","modified_gmt":"2026-02-07T15:14:05","slug":"headspa-voetbad-deluxe-beige","status":"publish","type":"product","link":"https:\/\/medirelax.nl\/it\/product\/headspa-voetbad-deluxe-beige\/","title":{"rendered":"Headspa pediluvio Deluxe - Beige (altezza 80 cm)"},"content":{"rendered":"<div data-elementor-type=\"product-post\" data-elementor-id=\"12094\" class=\"elementor elementor-12094\" data-elementor-post-type=\"product\">\n\t\t\t\t<div class=\"elementor-element elementor-element-9d0f6b8 e-flex e-con-boxed e-con e-parent\" data-id=\"9d0f6b8\" data-element_type=\"container\" data-e-type=\"container\" data-settings=\"{&quot;background_background&quot;:&quot;classic&quot;}\">\n\t\t\t\t\t<div class=\"e-con-inner\">\n\t\t<div class=\"elementor-element elementor-element-3f63330 e-con-full e-flex e-con e-child\" data-id=\"3f63330\" data-element_type=\"container\" data-e-type=\"container\">\n\t\t\t\t<div class=\"elementor-element elementor-element-3686bb2 elementor-widget elementor-widget-heading\" data-id=\"3686bb2\" data-element_type=\"widget\" data-e-type=\"widget\" data-widget_type=\"heading.default\">\n\t\t\t\t<div class=\"elementor-widget-container\">\n\t\t\t\t\t<h2 class=\"elementor-heading-title elementor-size-default\">Venite a vedere le headspas nel nostro showroom!<\/h2>\t\t\t\t<\/div>\n\t\t\t\t<\/div>\n\t\t\t\t<div class=\"elementor-element elementor-element-2b4bf04 elementor-icon-list--layout-traditional elementor-list-item-link-full_width elementor-widget elementor-widget-icon-list\" data-id=\"2b4bf04\" data-element_type=\"widget\" data-e-type=\"widget\" data-widget_type=\"icon-list.default\">\n\t\t\t\t<div class=\"elementor-widget-container\">\n\t\t\t\t\t\t\t<ul class=\"elementor-icon-list-items\">\n\t\t\t\t\t\t\t<li class=\"elementor-icon-list-item\">\n\t\t\t\t\t\t\t\t\t\t\t<a href=\"https:\/\/maps.app.goo.gl\/o7D7DqqsHFFkan6t7\" target=\"_blank\">\n\n\t\t\t\t\t\t\t\t\t\t\t\t<span class=\"elementor-icon-list-icon\">\n\t\t\t\t\t\t\t<svg aria-hidden=\"true\" class=\"e-font-icon-svg e-fas-map-pin\" viewbox=\"0 0 288 512\" xmlns=\"http:\/\/www.w3.org\/2000\/svg\"><path d=\"M112 316.94v156.69l22.02 33.02c4.75 7.12 15.22 7.12 19.97 0L176 473.63V316.94c-10.39 1.92-21.06 3.06-32 3.06s-21.61-1.14-32-3.06zM144 0C64.47 0 0 64.47 0 144s64.47 144 144 144 144-64.47 144-144S223.53 0 144 0zm0 76c-37.5 0-68 30.5-68 68 0 6.62-5.38 12-12 12s-12-5.38-12-12c0-50.73 41.28-92 92-92 6.62 0 12 5.38 12 12s-5.38 12-12 12z\"><\/path><\/svg>\t\t\t\t\t\t<\/span>\n\t\t\t\t\t\t\t\t\t\t<span class=\"elementor-icon-list-text\">Blaubergsesteenweg 63C, 2230 Herselt, Belgio<\/span>\n\t\t\t\t\t\t\t\t\t\t\t<\/a>\n\t\t\t\t\t\t\t\t\t<\/li>\n\t\t\t\t\t\t<\/ul>\n\t\t\t\t\t\t<\/div>\n\t\t\t\t<\/div>\n\t\t\t\t<div class=\"elementor-element elementor-element-c60ad5b elementor-widget elementor-widget-text-editor\" data-id=\"c60ad5b\" data-element_type=\"widget\" data-e-type=\"widget\" data-widget_type=\"text-editor.default\">\n\t\t\t\t<div class=\"elementor-widget-container\">\n\t\t\t\t\t\t\t\t\t<p>Vi invitiamo a venire a vedere gli headspa. Potrete anche informarvi di persona sulla formazione e sui prodotti per capelli di T-Lab Professional. <br \/>Solo su appuntamento.<\/p>\t\t\t\t\t\t\t\t<\/div>\n\t\t\t\t<\/div>\n\t\t\t\t<\/div>\n\t\t<div class=\"elementor-element elementor-element-2f9e7d8 e-con-full e-flex e-con e-child\" data-id=\"2f9e7d8\" data-element_type=\"container\" data-e-type=\"container\">\n\t\t\t\t<div class=\"elementor-element elementor-element-5798117 elementor-widget elementor-widget-image\" data-id=\"5798117\" data-element_type=\"widget\" data-e-type=\"widget\" data-widget_type=\"image.default\">\n\t\t\t\t<div class=\"elementor-widget-container\">\n\t\t\t\t\t\t\t\t\t\t\t\t\t\t\t<img fetchpriority=\"high\" decoding=\"async\" width=\"2040\" height=\"1148\" src=\"https:\/\/i0.wp.com\/medirelax.nl\/wp-content\/uploads\/2025\/02\/medirelaxa-headspa.jpg?fit=2040%2C1148&amp;ssl=1\" class=\"attachment-full size-full wp-image-11539\" alt=\"\" srcset=\"https:\/\/i0.wp.com\/medirelax.nl\/wp-content\/uploads\/2025\/02\/medirelaxa-headspa.jpg?w=2040&amp;ssl=1 2040w, https:\/\/i0.wp.com\/medirelax.nl\/wp-content\/uploads\/2025\/02\/medirelaxa-headspa.jpg?resize=300%2C169&amp;ssl=1 300w, https:\/\/i0.wp.com\/medirelax.nl\/wp-content\/uploads\/2025\/02\/medirelaxa-headspa.jpg?resize=1024%2C576&amp;ssl=1 1024w, https:\/\/i0.wp.com\/medirelax.nl\/wp-content\/uploads\/2025\/02\/medirelaxa-headspa.jpg?resize=768%2C432&amp;ssl=1 768w, https:\/\/i0.wp.com\/medirelax.nl\/wp-content\/uploads\/2025\/02\/medirelaxa-headspa.jpg?resize=1536%2C864&amp;ssl=1 1536w, https:\/\/i0.wp.com\/medirelax.nl\/wp-content\/uploads\/2025\/02\/medirelaxa-headspa.jpg?resize=18%2C10&amp;ssl=1 18w\" sizes=\"(max-width: 1290px) 100vw, 1290px\" \/>\t\t\t\t\t\t\t\t\t\t\t\t\t\t\t<\/div>\n\t\t\t\t<\/div>\n\t\t\t\t<\/div>\n\t\t\t\t\t<\/div>\n\t\t\t\t<\/div>\n\t\t<div class=\"elementor-element elementor-element-daad2c4 e-flex e-con-boxed e-con e-parent\" data-id=\"daad2c4\" data-element_type=\"container\" data-e-type=\"container\">\n\t\t\t\t\t<div class=\"e-con-inner\">\n\t\t<div class=\"elementor-element elementor-element-02a8c11 e-con-full e-flex e-con e-child\" data-id=\"02a8c11\" data-element_type=\"container\" data-e-type=\"container\">\n\t\t\t\t<div class=\"elementor-element elementor-element-07ebbb8 elementor-widget elementor-widget-heading\" data-id=\"07ebbb8\" data-element_type=\"widget\" data-e-type=\"widget\" data-widget_type=\"heading.default\">\n\t\t\t\t<div class=\"elementor-widget-container\">\n\t\t\t\t\t<h2 class=\"elementor-heading-title elementor-size-default\">Lavello in ceramica<\/h2>\t\t\t\t<\/div>\n\t\t\t\t<\/div>\n\t\t\t\t<div class=\"elementor-element elementor-element-bdfe1b7 elementor-widget elementor-widget-text-editor\" data-id=\"bdfe1b7\" data-element_type=\"widget\" data-e-type=\"widget\" data-widget_type=\"text-editor.default\">\n\t\t\t\t<div class=\"elementor-widget-container\">\n\t\t\t\t\t\t\t\t\t<p>La nostra headspa \u00e8 dotata di un impianto di alta qualit\u00e0 <strong>ceramica<\/strong> <strong>lavabo<\/strong> che non solo ha un aspetto lussuoso, ma \u00e8 anche estremamente resistente e facile da pulire, anche in caso di uso intensivo come il lavaggio delle tinte per capelli.<\/p>\t\t\t\t\t\t\t\t<\/div>\n\t\t\t\t<\/div>\n\t\t\t\t<\/div>\n\t\t<div class=\"elementor-element elementor-element-471885f e-con-full e-flex e-con e-child\" data-id=\"471885f\" data-element_type=\"container\" data-e-type=\"container\">\n\t\t\t\t<div class=\"elementor-element elementor-element-ddeb124 elementor-widget elementor-widget-image\" data-id=\"ddeb124\" data-element_type=\"widget\" data-e-type=\"widget\" data-widget_type=\"image.default\">\n\t\t\t\t<div class=\"elementor-widget-container\">\n\t\t\t\t\t\t\t\t\t\t\t\t\t\t\t<img decoding=\"async\" width=\"750\" height=\"750\" src=\"https:\/\/i0.wp.com\/medirelax.nl\/wp-content\/uploads\/2026\/01\/3-1.jpg?fit=750%2C750&amp;ssl=1\" class=\"attachment-full size-full wp-image-12103\" alt=\"\" srcset=\"https:\/\/i0.wp.com\/medirelax.nl\/wp-content\/uploads\/2026\/01\/3-1.jpg?w=750&amp;ssl=1 750w, https:\/\/i0.wp.com\/medirelax.nl\/wp-content\/uploads\/2026\/01\/3-1.jpg?resize=300%2C300&amp;ssl=1 300w, https:\/\/i0.wp.com\/medirelax.nl\/wp-content\/uploads\/2026\/01\/3-1.jpg?resize=150%2C150&amp;ssl=1 150w, https:\/\/i0.wp.com\/medirelax.nl\/wp-content\/uploads\/2026\/01\/3-1.jpg?resize=12%2C12&amp;ssl=1 12w, https:\/\/i0.wp.com\/medirelax.nl\/wp-content\/uploads\/2026\/01\/3-1.jpg?resize=100%2C100&amp;ssl=1 100w\" sizes=\"(max-width: 750px) 100vw, 750px\" \/>\t\t\t\t\t\t\t\t\t\t\t\t\t\t\t<\/div>\n\t\t\t\t<\/div>\n\t\t\t\t<\/div>\n\t\t\t\t\t<\/div>\n\t\t\t\t<\/div>\n\t\t<div class=\"elementor-element elementor-element-64cbdbd e-flex e-con-boxed e-con e-parent\" data-id=\"64cbdbd\" data-element_type=\"container\" data-e-type=\"container\">\n\t\t\t\t\t<div class=\"e-con-inner\">\n\t\t<div class=\"elementor-element elementor-element-b1a0d50 e-con-full e-flex e-con e-child\" data-id=\"b1a0d50\" data-element_type=\"container\" data-e-type=\"container\">\n\t\t\t\t<div class=\"elementor-element elementor-element-65c6b56 elementor-widget elementor-widget-image\" data-id=\"65c6b56\" data-element_type=\"widget\" data-e-type=\"widget\" data-widget_type=\"image.default\">\n\t\t\t\t<div class=\"elementor-widget-container\">\n\t\t\t\t\t\t\t\t\t\t\t\t\t\t\t<img decoding=\"async\" width=\"750\" height=\"750\" src=\"https:\/\/i0.wp.com\/medirelax.nl\/wp-content\/uploads\/2026\/01\/9.jpg?fit=750%2C750&amp;ssl=1\" class=\"attachment-full size-full wp-image-12097\" alt=\"\" srcset=\"https:\/\/i0.wp.com\/medirelax.nl\/wp-content\/uploads\/2026\/01\/9.jpg?w=750&amp;ssl=1 750w, https:\/\/i0.wp.com\/medirelax.nl\/wp-content\/uploads\/2026\/01\/9.jpg?resize=300%2C300&amp;ssl=1 300w, https:\/\/i0.wp.com\/medirelax.nl\/wp-content\/uploads\/2026\/01\/9.jpg?resize=150%2C150&amp;ssl=1 150w, https:\/\/i0.wp.com\/medirelax.nl\/wp-content\/uploads\/2026\/01\/9.jpg?resize=12%2C12&amp;ssl=1 12w, https:\/\/i0.wp.com\/medirelax.nl\/wp-content\/uploads\/2026\/01\/9.jpg?resize=100%2C100&amp;ssl=1 100w\" sizes=\"(max-width: 750px) 100vw, 750px\" \/>\t\t\t\t\t\t\t\t\t\t\t\t\t\t\t<\/div>\n\t\t\t\t<\/div>\n\t\t\t\t<\/div>\n\t\t<div class=\"elementor-element elementor-element-9575468 e-con-full e-flex e-con e-child\" data-id=\"9575468\" data-element_type=\"container\" data-e-type=\"container\">\n\t\t\t\t<div class=\"elementor-element elementor-element-5feb995 elementor-widget elementor-widget-heading\" data-id=\"5feb995\" data-element_type=\"widget\" data-e-type=\"widget\" data-widget_type=\"heading.default\">\n\t\t\t\t<div class=\"elementor-widget-container\">\n\t\t\t\t\t<h2 class=\"elementor-heading-title elementor-size-default\">Con pediluvio<\/h2>\t\t\t\t<\/div>\n\t\t\t\t<\/div>\n\t\t\t\t<div class=\"elementor-element elementor-element-9fd3b6a elementor-widget elementor-widget-text-editor\" data-id=\"9fd3b6a\" data-element_type=\"widget\" data-e-type=\"widget\" data-widget_type=\"text-editor.default\">\n\t\t\t\t<div class=\"elementor-widget-container\">\n\t\t\t\t\t\t\t\t\t<p>La nostra headspa non solo \u00e8 stata progettata per il massimo relax del cuoio capelluto, ma offre anche un sistema integrato di <strong>pediluvio<\/strong> per un <strong>completo<\/strong> <strong>trattamento di bellezza<\/strong>. Mentre il delicato getto d'acqua e il vapore detergono e rivitalizzano il cuoio capelluto, il pediluvio offre la cura della pedicure.<\/p>\t\t\t\t\t\t\t\t<\/div>\n\t\t\t\t<\/div>\n\t\t\t\t<\/div>\n\t\t\t\t\t<\/div>\n\t\t\t\t<\/div>\n\t\t<div class=\"elementor-element elementor-element-c8801f4 e-flex e-con-boxed e-con e-parent\" data-id=\"c8801f4\" data-element_type=\"container\" data-e-type=\"container\">\n\t\t\t\t\t<div class=\"e-con-inner\">\n\t\t<div class=\"elementor-element elementor-element-55b8309 e-con-full e-flex e-con e-child\" data-id=\"55b8309\" data-element_type=\"container\" data-e-type=\"container\">\n\t\t\t\t<div class=\"elementor-element elementor-element-611d4ff elementor-widget elementor-widget-heading\" data-id=\"611d4ff\" data-element_type=\"widget\" data-e-type=\"widget\" data-widget_type=\"heading.default\">\n\t\t\t\t<div class=\"elementor-widget-container\">\n\t\t\t\t\t<h2 class=\"elementor-heading-title elementor-size-default\">Schienale regolabile<\/h2>\t\t\t\t<\/div>\n\t\t\t\t<\/div>\n\t\t\t\t<div class=\"elementor-element elementor-element-b3ef450 elementor-widget elementor-widget-text-editor\" data-id=\"b3ef450\" data-element_type=\"widget\" data-e-type=\"widget\" data-widget_type=\"text-editor.default\">\n\t\t\t\t<div class=\"elementor-widget-container\">\n\t\t\t\t\t\t\t\t\t<p>Presso questa head spa \u00e8 possibile sottoporsi a regolari trattamenti di bellezza. Il <strong>schienale<\/strong> possono essere vezetati e raddrizzati per una pedicure nel <strong>pediluvio<\/strong>.<\/p>\t\t\t\t\t\t\t\t<\/div>\n\t\t\t\t<\/div>\n\t\t\t\t<\/div>\n\t\t<div class=\"elementor-element elementor-element-74ebed4 e-con-full e-flex e-con e-child\" data-id=\"74ebed4\" data-element_type=\"container\" data-e-type=\"container\">\n\t\t\t\t<div class=\"elementor-element elementor-element-268befc elementor-widget elementor-widget-image\" data-id=\"268befc\" data-element_type=\"widget\" data-e-type=\"widget\" data-widget_type=\"image.default\">\n\t\t\t\t<div class=\"elementor-widget-container\">\n\t\t\t\t\t\t\t\t\t\t\t\t\t\t\t<img loading=\"lazy\" decoding=\"async\" width=\"750\" height=\"750\" src=\"https:\/\/i0.wp.com\/medirelax.nl\/wp-content\/uploads\/2026\/01\/5-1.jpg?fit=750%2C750&amp;ssl=1\" class=\"attachment-full size-full wp-image-12101\" alt=\"\" srcset=\"https:\/\/i0.wp.com\/medirelax.nl\/wp-content\/uploads\/2026\/01\/5-1.jpg?w=750&amp;ssl=1 750w, https:\/\/i0.wp.com\/medirelax.nl\/wp-content\/uploads\/2026\/01\/5-1.jpg?resize=300%2C300&amp;ssl=1 300w, https:\/\/i0.wp.com\/medirelax.nl\/wp-content\/uploads\/2026\/01\/5-1.jpg?resize=150%2C150&amp;ssl=1 150w, https:\/\/i0.wp.com\/medirelax.nl\/wp-content\/uploads\/2026\/01\/5-1.jpg?resize=12%2C12&amp;ssl=1 12w, https:\/\/i0.wp.com\/medirelax.nl\/wp-content\/uploads\/2026\/01\/5-1.jpg?resize=100%2C100&amp;ssl=1 100w\" sizes=\"(max-width: 750px) 100vw, 750px\" \/>\t\t\t\t\t\t\t\t\t\t\t\t\t\t\t<\/div>\n\t\t\t\t<\/div>\n\t\t\t\t<\/div>\n\t\t\t\t\t<\/div>\n\t\t\t\t<\/div>\n\t\t<div class=\"elementor-element elementor-element-ff5afa0 e-flex e-con-boxed e-con e-parent\" data-id=\"ff5afa0\" data-element_type=\"container\" data-e-type=\"container\">\n\t\t\t\t\t<div class=\"e-con-inner\">\n\t\t<div class=\"elementor-element elementor-element-d24d51e e-con-full e-flex e-con e-child\" data-id=\"d24d51e\" data-element_type=\"container\" data-e-type=\"container\">\n\t\t\t\t<div class=\"elementor-element elementor-element-2241501 elementor-widget elementor-widget-image\" data-id=\"2241501\" data-element_type=\"widget\" data-e-type=\"widget\" data-widget_type=\"image.default\">\n\t\t\t\t<div class=\"elementor-widget-container\">\n\t\t\t\t\t\t\t\t\t\t\t\t\t\t\t<img loading=\"lazy\" decoding=\"async\" width=\"750\" height=\"750\" src=\"https:\/\/i0.wp.com\/medirelax.nl\/wp-content\/uploads\/2026\/01\/6-1.jpg?fit=750%2C750&amp;ssl=1\" class=\"attachment-full size-full wp-image-12100\" alt=\"\" srcset=\"https:\/\/i0.wp.com\/medirelax.nl\/wp-content\/uploads\/2026\/01\/6-1.jpg?w=750&amp;ssl=1 750w, https:\/\/i0.wp.com\/medirelax.nl\/wp-content\/uploads\/2026\/01\/6-1.jpg?resize=300%2C300&amp;ssl=1 300w, https:\/\/i0.wp.com\/medirelax.nl\/wp-content\/uploads\/2026\/01\/6-1.jpg?resize=150%2C150&amp;ssl=1 150w, https:\/\/i0.wp.com\/medirelax.nl\/wp-content\/uploads\/2026\/01\/6-1.jpg?resize=12%2C12&amp;ssl=1 12w, https:\/\/i0.wp.com\/medirelax.nl\/wp-content\/uploads\/2026\/01\/6-1.jpg?resize=100%2C100&amp;ssl=1 100w\" sizes=\"(max-width: 750px) 100vw, 750px\" \/>\t\t\t\t\t\t\t\t\t\t\t\t\t\t\t<\/div>\n\t\t\t\t<\/div>\n\t\t\t\t<\/div>\n\t\t<div class=\"elementor-element elementor-element-5af0295 e-con-full e-flex e-con e-child\" data-id=\"5af0295\" data-element_type=\"container\" data-e-type=\"container\">\n\t\t\t\t<div class=\"elementor-element elementor-element-335a3c9 elementor-widget elementor-widget-heading\" data-id=\"335a3c9\" data-element_type=\"widget\" data-e-type=\"widget\" data-widget_type=\"heading.default\">\n\t\t\t\t<div class=\"elementor-widget-container\">\n\t\t\t\t\t<h2 class=\"elementor-heading-title elementor-size-default\">Conversione in lettino da massaggio<\/h2>\t\t\t\t<\/div>\n\t\t\t\t<\/div>\n\t\t\t\t<div class=\"elementor-element elementor-element-c83e494 elementor-widget elementor-widget-text-editor\" data-id=\"c83e494\" data-element_type=\"widget\" data-e-type=\"widget\" data-widget_type=\"text-editor.default\">\n\t\t\t\t<div class=\"elementor-widget-container\">\n\t\t\t\t\t\t\t\t\t<p>La headspa pu\u00f2 essere facilmente <strong>convertito in tavolo di trattamento<\/strong> invertendo l'arco dell'acqua e posizionando la parte del tavolo sul lavandino.<\/p><p>\u00c8 presente un foro per la testa, in modo da poter effettuare anche il massaggio alla schiena.<\/p>\t\t\t\t\t\t\t\t<\/div>\n\t\t\t\t<\/div>\n\t\t\t\t<\/div>\n\t\t\t\t\t<\/div>\n\t\t\t\t<\/div>\n\t\t<div class=\"elementor-element elementor-element-2d4a02e e-flex e-con-boxed e-con e-parent\" data-id=\"2d4a02e\" data-element_type=\"container\" data-e-type=\"container\">\n\t\t\t\t\t<div class=\"e-con-inner\">\n\t\t<div class=\"elementor-element elementor-element-e7c717e e-con-full e-flex e-con e-child\" data-id=\"e7c717e\" data-element_type=\"container\" data-e-type=\"container\">\n\t\t\t\t<div class=\"elementor-element elementor-element-5641f53 elementor-widget elementor-widget-heading\" data-id=\"5641f53\" data-element_type=\"widget\" data-e-type=\"widget\" data-widget_type=\"heading.default\">\n\t\t\t\t<div class=\"elementor-widget-container\">\n\t\t\t\t\t<h2 class=\"elementor-heading-title elementor-size-default\"><h2 data-elementor-setting-key=\"title\" data-pen-placeholder=\"Type Here...\" style=\"--theme-font-family: Manrope, Sans-Serif;--theme-font-weight: 700;--theme-font-size: 35px;--theme-line-height: 1.5;font-style: normal;font-weight: var(--theme-font-weight);font-size: var(--theme-font-size);font-family: Manrope, sans-serif;letter-spacing: normal;text-transform: none;margin-block-end: calc(var(--has-theme-content-spacing, 1)*(.3em + 10px))\">Collegamento diretto all'acqua<span style=\"color: var(--theme-heading-color, var(--theme-heading-2-color, var(--theme-headings-color)));font-family: var(--theme-font-family);font-size: var(--theme-font-size);font-style: var(--theme-font-style, inherit);font-weight: var(--theme-font-weight);letter-spacing: var(--theme-letter-spacing);text-transform: var(--theme-text-transform)\"><\/span><\/h2><\/h2>\t\t\t\t<\/div>\n\t\t\t\t<\/div>\n\t\t\t\t<div class=\"elementor-element elementor-element-f690868 elementor-widget-mobile__width-initial elementor-widget elementor-widget-text-editor\" data-id=\"f690868\" data-element_type=\"widget\" data-e-type=\"widget\" data-widget_type=\"text-editor.default\">\n\t\t\t\t<div class=\"elementor-widget-container\">\n\t\t\t\t\t\t\t\t\t<p>Per privilegiare l'igiene, la headspa \u00e8 dotata di un collegamento diretto all'acqua: 1.acqua fredda 2.acqua calda e 3.scarico.<\/p><p>Questo garantisce una maggiore durata e facilit\u00e0 d'uso.<\/p>\t\t\t\t\t\t\t\t<\/div>\n\t\t\t\t<\/div>\n\t\t\t\t<\/div>\n\t\t<div class=\"elementor-element elementor-element-8c66325 e-con-full e-flex e-con e-child\" data-id=\"8c66325\" data-element_type=\"container\" data-e-type=\"container\">\n\t\t\t\t<div class=\"elementor-element elementor-element-2c0d33c elementor-widget elementor-widget-image\" data-id=\"2c0d33c\" data-element_type=\"widget\" data-e-type=\"widget\" data-widget_type=\"image.default\">\n\t\t\t\t<div class=\"elementor-widget-container\">\n\t\t\t\t\t\t\t\t\t\t\t\t\t\t\t<img loading=\"lazy\" decoding=\"async\" width=\"1200\" height=\"1200\" src=\"https:\/\/i0.wp.com\/medirelax.nl\/wp-content\/uploads\/2025\/02\/headspa-voetbad-beige-5-min-1.jpg?fit=1200%2C1200&amp;ssl=1\" class=\"attachment-full size-full wp-image-10879\" alt=\"\" srcset=\"https:\/\/i0.wp.com\/medirelax.nl\/wp-content\/uploads\/2025\/02\/headspa-voetbad-beige-5-min-1.jpg?w=1200&amp;ssl=1 1200w, https:\/\/i0.wp.com\/medirelax.nl\/wp-content\/uploads\/2025\/02\/headspa-voetbad-beige-5-min-1.jpg?resize=300%2C300&amp;ssl=1 300w, https:\/\/i0.wp.com\/medirelax.nl\/wp-content\/uploads\/2025\/02\/headspa-voetbad-beige-5-min-1.jpg?resize=1024%2C1024&amp;ssl=1 1024w, https:\/\/i0.wp.com\/medirelax.nl\/wp-content\/uploads\/2025\/02\/headspa-voetbad-beige-5-min-1.jpg?resize=150%2C150&amp;ssl=1 150w, https:\/\/i0.wp.com\/medirelax.nl\/wp-content\/uploads\/2025\/02\/headspa-voetbad-beige-5-min-1.jpg?resize=768%2C768&amp;ssl=1 768w, https:\/\/i0.wp.com\/medirelax.nl\/wp-content\/uploads\/2025\/02\/headspa-voetbad-beige-5-min-1.jpg?resize=12%2C12&amp;ssl=1 12w, https:\/\/i0.wp.com\/medirelax.nl\/wp-content\/uploads\/2025\/02\/headspa-voetbad-beige-5-min-1.jpg?resize=100%2C100&amp;ssl=1 100w\" sizes=\"(max-width: 1200px) 100vw, 1200px\" \/>\t\t\t\t\t\t\t\t\t\t\t\t\t\t\t<\/div>\n\t\t\t\t<\/div>\n\t\t\t\t<\/div>\n\t\t\t\t\t<\/div>\n\t\t\t\t<\/div>\n\t\t<div class=\"elementor-element elementor-element-2dbcd18 e-flex e-con-boxed e-con e-parent\" data-id=\"2dbcd18\" data-element_type=\"container\" data-e-type=\"container\">\n\t\t\t\t\t<div class=\"e-con-inner\">\n\t\t<div class=\"elementor-element elementor-element-0a38965 e-con-full e-flex e-con e-child\" data-id=\"0a38965\" data-element_type=\"container\" data-e-type=\"container\">\n\t\t\t\t<div class=\"elementor-element elementor-element-852bad4 elementor-widget elementor-widget-image\" data-id=\"852bad4\" data-element_type=\"widget\" data-e-type=\"widget\" data-widget_type=\"image.default\">\n\t\t\t\t<div class=\"elementor-widget-container\">\n\t\t\t\t\t\t\t\t\t\t\t\t\t\t\t<img loading=\"lazy\" decoding=\"async\" width=\"750\" height=\"750\" src=\"https:\/\/i0.wp.com\/medirelax.nl\/wp-content\/uploads\/2026\/01\/4-1.jpg?fit=750%2C750&amp;ssl=1\" class=\"attachment-full size-full wp-image-12102\" alt=\"\" srcset=\"https:\/\/i0.wp.com\/medirelax.nl\/wp-content\/uploads\/2026\/01\/4-1.jpg?w=750&amp;ssl=1 750w, https:\/\/i0.wp.com\/medirelax.nl\/wp-content\/uploads\/2026\/01\/4-1.jpg?resize=300%2C300&amp;ssl=1 300w, https:\/\/i0.wp.com\/medirelax.nl\/wp-content\/uploads\/2026\/01\/4-1.jpg?resize=150%2C150&amp;ssl=1 150w, https:\/\/i0.wp.com\/medirelax.nl\/wp-content\/uploads\/2026\/01\/4-1.jpg?resize=12%2C12&amp;ssl=1 12w, https:\/\/i0.wp.com\/medirelax.nl\/wp-content\/uploads\/2026\/01\/4-1.jpg?resize=100%2C100&amp;ssl=1 100w\" sizes=\"(max-width: 750px) 100vw, 750px\" \/>\t\t\t\t\t\t\t\t\t\t\t\t\t\t\t<\/div>\n\t\t\t\t<\/div>\n\t\t\t\t<\/div>\n\t\t<div class=\"elementor-element elementor-element-5619c5b e-con-full e-flex e-con e-child\" data-id=\"5619c5b\" data-element_type=\"container\" data-e-type=\"container\">\n\t\t\t\t<div class=\"elementor-element elementor-element-6d83b8e elementor-widget elementor-widget-heading\" data-id=\"6d83b8e\" data-element_type=\"widget\" data-e-type=\"widget\" data-widget_type=\"heading.default\">\n\t\t\t\t<div class=\"elementor-widget-container\">\n\t\t\t\t\t<h2 class=\"elementor-heading-title elementor-size-default\">Head Spa all'ingrosso<\/h2>\t\t\t\t<\/div>\n\t\t\t\t<\/div>\n\t\t\t\t<div class=\"elementor-element elementor-element-c5113d9 elementor-widget elementor-widget-text-editor\" data-id=\"c5113d9\" data-element_type=\"widget\" data-e-type=\"widget\" data-widget_type=\"text-editor.default\">\n\t\t\t\t<div class=\"elementor-widget-container\">\n\t\t\t\t\t\t\t\t\t<p>Avete un salone di bellezza o un negozio di barbiere e vorreste che il giapponese <strong>introdurre il trattamento headspa nel vostro salone<\/strong>? Allora questa headspa \u00e8 la scelta ideale!\u00a0<\/p><p>Acquista il tuo <strong>headspa<\/strong> A MediRelaxa. Inviateci un'e-mail a <a href=\"mailto:info@medirelax.nl\">info@medirelax.nl<\/a>\u00a0o chiamateci al numero <a href=\"tel:0032456811579\">+32(0)456811579<\/a><\/p>\t\t\t\t\t\t\t\t<\/div>\n\t\t\t\t<\/div>\n\t\t\t\t<\/div>\n\t\t\t\t\t<\/div>\n\t\t\t\t<\/div>\n\t\t<div class=\"elementor-element elementor-element-011328c e-con-full e-flex e-con e-child\" data-id=\"011328c\" data-element_type=\"container\" data-e-type=\"container\" data-settings=\"{&quot;background_background&quot;:&quot;classic&quot;}\">\n\t\t<div class=\"elementor-element elementor-element-3840040 e-con-full e-flex e-con e-child\" data-id=\"3840040\" data-element_type=\"container\" data-e-type=\"container\">\n\t\t<div class=\"elementor-element elementor-element-a66e493 e-con-full e-flex e-con e-child\" data-id=\"a66e493\" data-element_type=\"container\" data-e-type=\"container\">\n\t\t<div class=\"elementor-element elementor-element-3f05d74 e-con-full e-flex e-con e-child\" data-id=\"3f05d74\" data-element_type=\"container\" data-e-type=\"container\">\n\t\t\t\t<div class=\"elementor-element elementor-element-41bdf5b elementor-view-default elementor-widget elementor-widget-icon\" data-id=\"41bdf5b\" data-element_type=\"widget\" data-e-type=\"widget\" data-widget_type=\"icon.default\">\n\t\t\t\t<div class=\"elementor-widget-container\">\n\t\t\t\t\t\t\t<div class=\"elementor-icon-wrapper\">\n\t\t\t<div class=\"elementor-icon\">\n\t\t\t<svg aria-hidden=\"true\" class=\"e-font-icon-svg e-fas-home\" viewbox=\"0 0 576 512\" xmlns=\"http:\/\/www.w3.org\/2000\/svg\"><path d=\"M280.37 148.26L96 300.11V464a16 16 0 0 0 16 16l112.06-.29a16 16 0 0 0 15.92-16V368a16 16 0 0 1 16-16h64a16 16 0 0 1 16 16v95.64a16 16 0 0 0 16 16.05L464 480a16 16 0 0 0 16-16V300L295.67 148.26a12.19 12.19 0 0 0-15.3 0zM571.6 251.47L488 182.56V44.05a12 12 0 0 0-12-12h-56a12 12 0 0 0-12 12v72.61L318.47 43a48 48 0 0 0-61 0L4.34 251.47a12 12 0 0 0-1.6 16.9l25.5 31A12 12 0 0 0 45.15 301l235.22-193.74a12.19 12.19 0 0 1 15.3 0L530.9 301a12 12 0 0 0 16.9-1.6l25.5-31a12 12 0 0 0-1.7-16.93z\"><\/path><\/svg>\t\t\t<\/div>\n\t\t<\/div>\n\t\t\t\t\t\t<\/div>\n\t\t\t\t<\/div>\n\t\t\t\t<div class=\"elementor-element elementor-element-109c7ed elementor-widget elementor-widget-heading\" data-id=\"109c7ed\" data-element_type=\"widget\" data-e-type=\"widget\" data-widget_type=\"heading.default\">\n\t\t\t\t<div class=\"elementor-widget-container\">\n\t\t\t\t\t<h6 class=\"elementor-heading-title elementor-size-default\">Prova in showroom<\/h6>\t\t\t\t<\/div>\n\t\t\t\t<\/div>\n\t\t\t\t<\/div>\n\t\t\t\t<div class=\"elementor-element elementor-element-681c967 elementor-widget elementor-widget-text-editor\" data-id=\"681c967\" data-element_type=\"widget\" data-e-type=\"widget\" data-widget_type=\"text-editor.default\">\n\t\t\t\t<div class=\"elementor-widget-container\">\n\t\t\t\t\t\t\t\t\t<p>Fissate un appuntamento nello showroom per vedere le diverse lampade per la testa.<\/p>\t\t\t\t\t\t\t\t<\/div>\n\t\t\t\t<\/div>\n\t\t\t\t<\/div>\n\t\t<div class=\"elementor-element elementor-element-9a2badc e-con-full e-flex e-con e-child\" data-id=\"9a2badc\" data-element_type=\"container\" data-e-type=\"container\">\n\t\t<div class=\"elementor-element elementor-element-76b7d90 e-con-full e-flex e-con e-child\" data-id=\"76b7d90\" data-element_type=\"container\" data-e-type=\"container\">\n\t\t\t\t<div class=\"elementor-element elementor-element-9599bcf elementor-view-default elementor-widget elementor-widget-icon\" data-id=\"9599bcf\" data-element_type=\"widget\" data-e-type=\"widget\" data-widget_type=\"icon.default\">\n\t\t\t\t<div class=\"elementor-widget-container\">\n\t\t\t\t\t\t\t<div class=\"elementor-icon-wrapper\">\n\t\t\t<div class=\"elementor-icon\">\n\t\t\t<svg aria-hidden=\"true\" class=\"e-font-icon-svg e-fas-award\" viewbox=\"0 0 384 512\" xmlns=\"http:\/\/www.w3.org\/2000\/svg\"><path d=\"M97.12 362.63c-8.69-8.69-4.16-6.24-25.12-11.85-9.51-2.55-17.87-7.45-25.43-13.32L1.2 448.7c-4.39 10.77 3.81 22.47 15.43 22.03l52.69-2.01L105.56 507c8 8.44 22.04 5.81 26.43-4.96l52.05-127.62c-10.84 6.04-22.87 9.58-35.31 9.58-19.5 0-37.82-7.59-51.61-21.37zM382.8 448.7l-45.37-111.24c-7.56 5.88-15.92 10.77-25.43 13.32-21.07 5.64-16.45 3.18-25.12 11.85-13.79 13.78-32.12 21.37-51.62 21.37-12.44 0-24.47-3.55-35.31-9.58L252 502.04c4.39 10.77 18.44 13.4 26.43 4.96l36.25-38.28 52.69 2.01c11.62.44 19.82-11.27 15.43-22.03zM263 340c15.28-15.55 17.03-14.21 38.79-20.14 13.89-3.79 24.75-14.84 28.47-28.98 7.48-28.4 5.54-24.97 25.95-45.75 10.17-10.35 14.14-25.44 10.42-39.58-7.47-28.38-7.48-24.42 0-52.83 3.72-14.14-.25-29.23-10.42-39.58-20.41-20.78-18.47-17.36-25.95-45.75-3.72-14.14-14.58-25.19-28.47-28.98-27.88-7.61-24.52-5.62-44.95-26.41-10.17-10.35-25-14.4-38.89-10.61-27.87 7.6-23.98 7.61-51.9 0-13.89-3.79-28.72.25-38.89 10.61-20.41 20.78-17.05 18.8-44.94 26.41-13.89 3.79-24.75 14.84-28.47 28.98-7.47 28.39-5.54 24.97-25.95 45.75-10.17 10.35-14.15 25.44-10.42 39.58 7.47 28.36 7.48 24.4 0 52.82-3.72 14.14.25 29.23 10.42 39.59 20.41 20.78 18.47 17.35 25.95 45.75 3.72 14.14 14.58 25.19 28.47 28.98C104.6 325.96 106.27 325 121 340c13.23 13.47 33.84 15.88 49.74 5.82a39.676 39.676 0 0 1 42.53 0c15.89 10.06 36.5 7.65 49.73-5.82zM97.66 175.96c0-53.03 42.24-96.02 94.34-96.02s94.34 42.99 94.34 96.02-42.24 96.02-94.34 96.02-94.34-42.99-94.34-96.02z\"><\/path><\/svg>\t\t\t<\/div>\n\t\t<\/div>\n\t\t\t\t\t\t<\/div>\n\t\t\t\t<\/div>\n\t\t\t\t<div class=\"elementor-element elementor-element-d306946 elementor-widget elementor-widget-heading\" data-id=\"d306946\" data-element_type=\"widget\" data-e-type=\"widget\" data-widget_type=\"heading.default\">\n\t\t\t\t<div class=\"elementor-widget-container\">\n\t\t\t\t\t<h6 class=\"elementor-heading-title elementor-size-default\">Formazione Headspa<\/h6>\t\t\t\t<\/div>\n\t\t\t\t<\/div>\n\t\t\t\t<\/div>\n\t\t\t\t<div class=\"elementor-element elementor-element-f5b31d6 elementor-widget elementor-widget-text-editor\" data-id=\"f5b31d6\" data-element_type=\"widget\" data-e-type=\"widget\" data-widget_type=\"text-editor.default\">\n\t\t\t\t<div class=\"elementor-widget-container\">\n\t\t\t\t\t\t\t\t\t<p>Contatto <a href=\"https:\/\/belliza.be\/headspa-opleiding\/\">Belliza<\/a> Per la formazione headspa in Belgio.<\/p>\t\t\t\t\t\t\t\t<\/div>\n\t\t\t\t<\/div>\n\t\t\t\t<\/div>\n\t\t<div class=\"elementor-element elementor-element-a627b70 e-con-full e-flex e-con e-child\" data-id=\"a627b70\" data-element_type=\"container\" data-e-type=\"container\">\n\t\t<div class=\"elementor-element elementor-element-80b2afa e-con-full e-flex e-con e-child\" data-id=\"80b2afa\" data-element_type=\"container\" data-e-type=\"container\">\n\t\t\t\t<div class=\"elementor-element elementor-element-2302ec0 elementor-view-default elementor-widget elementor-widget-icon\" data-id=\"2302ec0\" data-element_type=\"widget\" data-e-type=\"widget\" data-widget_type=\"icon.default\">\n\t\t\t\t<div class=\"elementor-widget-container\">\n\t\t\t\t\t\t\t<div class=\"elementor-icon-wrapper\">\n\t\t\t<div class=\"elementor-icon\">\n\t\t\t<svg aria-hidden=\"true\" class=\"e-font-icon-svg e-far-user\" viewbox=\"0 0 448 512\" xmlns=\"http:\/\/www.w3.org\/2000\/svg\"><path d=\"M313.6 304c-28.7 0-42.5 16-89.6 16-47.1 0-60.8-16-89.6-16C60.2 304 0 364.2 0 438.4V464c0 26.5 21.5 48 48 48h352c26.5 0 48-21.5 48-48v-25.6c0-74.2-60.2-134.4-134.4-134.4zM400 464H48v-25.6c0-47.6 38.8-86.4 86.4-86.4 14.6 0 38.3 16 89.6 16 51.7 0 74.9-16 89.6-16 47.6 0 86.4 38.8 86.4 86.4V464zM224 288c79.5 0 144-64.5 144-144S303.5 0 224 0 80 64.5 80 144s64.5 144 144 144zm0-240c52.9 0 96 43.1 96 96s-43.1 96-96 96-96-43.1-96-96 43.1-96 96-96z\"><\/path><\/svg>\t\t\t<\/div>\n\t\t<\/div>\n\t\t\t\t\t\t<\/div>\n\t\t\t\t<\/div>\n\t\t\t\t<div class=\"elementor-element elementor-element-1a9edb7 elementor-widget elementor-widget-heading\" data-id=\"1a9edb7\" data-element_type=\"widget\" data-e-type=\"widget\" data-widget_type=\"heading.default\">\n\t\t\t\t<div class=\"elementor-widget-container\">\n\t\t\t\t\t<h6 class=\"elementor-heading-title elementor-size-default\">Servizio clienti<\/h6>\t\t\t\t<\/div>\n\t\t\t\t<\/div>\n\t\t\t\t<\/div>\n\t\t\t\t<div class=\"elementor-element elementor-element-0ad3326 elementor-widget elementor-widget-text-editor\" data-id=\"0ad3326\" data-element_type=\"widget\" data-e-type=\"widget\" data-widget_type=\"text-editor.default\">\n\t\t\t\t<div class=\"elementor-widget-container\">\n\t\t\t\t\t\t\t\t\t<p>Tel: +32 456 81 15 79<br \/>Mail: info@medirelax.nl<\/p>\t\t\t\t\t\t\t\t<\/div>\n\t\t\t\t<\/div>\n\t\t\t\t<\/div>\n\t\t<div class=\"elementor-element elementor-element-d2cd9b8 e-con-full e-flex e-con e-child\" data-id=\"d2cd9b8\" data-element_type=\"container\" data-e-type=\"container\">\n\t\t<div class=\"elementor-element elementor-element-34ec63d e-con-full e-flex e-con e-child\" data-id=\"34ec63d\" data-element_type=\"container\" data-e-type=\"container\">\n\t\t\t\t<div class=\"elementor-element elementor-element-0244cbc elementor-view-default elementor-widget elementor-widget-icon\" data-id=\"0244cbc\" data-element_type=\"widget\" data-e-type=\"widget\" data-widget_type=\"icon.default\">\n\t\t\t\t<div class=\"elementor-widget-container\">\n\t\t\t\t\t\t\t<div class=\"elementor-icon-wrapper\">\n\t\t\t<div class=\"elementor-icon\">\n\t\t\t<svg aria-hidden=\"true\" class=\"e-font-icon-svg e-fas-pump-soap\" viewbox=\"0 0 384 512\" xmlns=\"http:\/\/www.w3.org\/2000\/svg\"><path d=\"M235.63,160H84.37a64,64,0,0,0-63.74,58.21L.27,442.21A64,64,0,0,0,64,512H256a64,64,0,0,0,63.74-69.79l-20.36-224A64,64,0,0,0,235.63,160ZM160,416c-33.12,0-60-26.33-60-58.75,0-25,35.7-75.47,52-97.27A10,10,0,0,1,168,260c16.33,21.8,52,72.27,52,97.27C220,389.67,193.12,416,160,416ZM379.31,94.06,336,50.74A64,64,0,0,0,290.75,32H224A32,32,0,0,0,192,0H128A32,32,0,0,0,96,32v96H224V96h66.75l43.31,43.31a16,16,0,0,0,22.63,0l22.62-22.62A16,16,0,0,0,379.31,94.06Z\"><\/path><\/svg>\t\t\t<\/div>\n\t\t<\/div>\n\t\t\t\t\t\t<\/div>\n\t\t\t\t<\/div>\n\t\t\t\t<div class=\"elementor-element elementor-element-d001ddc elementor-widget elementor-widget-heading\" data-id=\"d001ddc\" data-element_type=\"widget\" data-e-type=\"widget\" data-widget_type=\"heading.default\">\n\t\t\t\t<div class=\"elementor-widget-container\">\n\t\t\t\t\t<h6 class=\"elementor-heading-title elementor-size-default\">Prodotti Headspa<\/h6>\t\t\t\t<\/div>\n\t\t\t\t<\/div>\n\t\t\t\t<\/div>\n\t\t\t\t<div class=\"elementor-element elementor-element-e345ee6 elementor-widget elementor-widget-text-editor\" data-id=\"e345ee6\" data-element_type=\"widget\" data-e-type=\"widget\" data-widget_type=\"text-editor.default\">\n\t\t\t\t<div class=\"elementor-widget-container\">\n\t\t\t\t\t\t\t\t\t<p>Consigliamo i prodotti per capelli Headspa di <a href=\"http:\/\/t-labprofessional.com\">T-Lab professionale<\/a> a.<\/p>\t\t\t\t\t\t\t\t<\/div>\n\t\t\t\t<\/div>\n\t\t\t\t<\/div>\n\t\t\t\t<\/div>\n\t\t\t\t<\/div>\n\t\t<div class=\"elementor-element elementor-element-0625441 e-flex e-con-boxed e-con e-parent\" data-id=\"0625441\" data-element_type=\"container\" data-e-type=\"container\" data-settings=\"{&quot;background_background&quot;:&quot;classic&quot;}\">\n\t\t\t\t\t<div class=\"e-con-inner\">\n\t\t\t\t<div class=\"elementor-element elementor-element-8bd0113 elementor-widget elementor-widget-heading\" data-id=\"8bd0113\" data-element_type=\"widget\" data-e-type=\"widget\" data-widget_type=\"heading.default\">\n\t\t\t\t<div class=\"elementor-widget-container\">\n\t\t\t\t\t<h2 class=\"elementor-heading-title elementor-size-default\">Domande frequenti su Headspa<\/h2>\t\t\t\t<\/div>\n\t\t\t\t<\/div>\n\t\t<div class=\"elementor-element elementor-element-a5b77a5 e-con-full e-flex e-con e-child\" data-id=\"a5b77a5\" data-element_type=\"container\" data-e-type=\"container\">\n\t\t\t\t<div class=\"elementor-element elementor-element-76bb3cb elementor-widget__width-inherit elementor-widget elementor-widget-toggle\" data-id=\"76bb3cb\" data-element_type=\"widget\" data-e-type=\"widget\" data-widget_type=\"toggle.default\">\n\t\t\t\t<div class=\"elementor-widget-container\">\n\t\t\t\t\t\t\t<div class=\"elementor-toggle\">\n\t\t\t\t\t\t\t<div class=\"elementor-toggle-item\">\n\t\t\t\t\t<h5 id=\"elementor-tab-title-1241\" class=\"elementor-tab-title\" data-tab=\"1\" role=\"button\" aria-controls=\"elementor-tab-content-1241\" aria-expanded=\"false\">\n\t\t\t\t\t\t\t\t\t\t\t\t<a class=\"elementor-toggle-title\" tabindex=\"0\">Cosa fa una Head Spa?<\/a>\n\t\t\t\t\t<\/h5>\n\n\t\t\t\t\t<div id=\"elementor-tab-content-1241\" class=\"elementor-tab-content elementor-clearfix\" data-tab=\"1\" role=\"region\" aria-labelledby=\"elementor-tab-title-1241\"><div class=\"elementor-element elementor-element-375946c elementor-widget elementor-widget-text-editor\" data-id=\"375946c\" data-element_type=\"widget\" data-widget_type=\"text-editor.default\"><div class=\"elementor-widget-container\"><p>L'Head Spa offre una combinazione di massaggio, stimolazione e relax per il cuoio capelluto. Attraverso vibrazioni delicate, compressioni calde e massaggi profondi, aiuta a migliorare la circolazione, a ridurre la tensione e a sostenere la salute dei capelli e del cuoio capelluto. Questo non solo offre un momento di relax, ma pu\u00f2 anche contribuire a rafforzare le radici dei capelli, a ridurre lo stress e a dare una sensazione di freschezza. Inoltre, riduce la forfora e previene la caduta dei capelli.<\/p><\/div><\/div><\/div>\n\t\t\t\t<\/div>\n\t\t\t\t\t\t\t<div class=\"elementor-toggle-item\">\n\t\t\t\t\t<h5 id=\"elementor-tab-title-1242\" class=\"elementor-tab-title\" data-tab=\"2\" role=\"button\" aria-controls=\"elementor-tab-content-1242\" aria-expanded=\"false\">\n\t\t\t\t\t\t\t\t\t\t\t\t<a class=\"elementor-toggle-title\" tabindex=\"0\">Come funziona una Head Spa?<\/a>\n\t\t\t\t\t<\/h5>\n\n\t\t\t\t\t<div id=\"elementor-tab-content-1242\" class=\"elementor-tab-content elementor-clearfix\" data-tab=\"2\" role=\"region\" aria-labelledby=\"elementor-tab-title-1242\"><div class=\"elementor-element elementor-element-f122f40 elementor-widget elementor-widget-text-editor\" data-id=\"f122f40\" data-element_type=\"widget\" data-widget_type=\"text-editor.default\"><div class=\"elementor-widget-container\"><p>Una head spa funziona con un arco d'acqua che fa scorrere un getto d'acqua costante e controllato sul cuoio capelluto. L'acqua calda \u00e8 distribuita in modo uniforme e massaggia delicatamente la pelle, mentre la pressione e la temperatura sono attentamente regolate. Questo processo stimola la circolazione e deterge a fondo il cuoio capelluto senza attriti aggressivi. La combinazione di forza dell'acqua e calore offre una stimolazione piacevole e uniforme, simile a quella di un trattamento professionale del cuoio capelluto.<\/p><\/div><\/div><\/div>\n\t\t\t\t<\/div>\n\t\t\t\t\t\t\t<div class=\"elementor-toggle-item\">\n\t\t\t\t\t<h5 id=\"elementor-tab-title-1243\" class=\"elementor-tab-title\" data-tab=\"3\" role=\"button\" aria-controls=\"elementor-tab-content-1243\" aria-expanded=\"false\">\n\t\t\t\t\t\t\t\t\t\t\t\t<a class=\"elementor-toggle-title\" tabindex=\"0\">Ho un lavandino nel mio salone, posso collegarvi la head spa?<\/a>\n\t\t\t\t\t<\/h5>\n\n\t\t\t\t\t<div id=\"elementor-tab-content-1243\" class=\"elementor-tab-content elementor-clearfix\" data-tab=\"3\" role=\"region\" aria-labelledby=\"elementor-tab-title-1243\"><div class=\"elementor-element elementor-element-d4e1f07 elementor-widget elementor-widget-text-editor\" data-id=\"d4e1f07\" data-element_type=\"widget\" data-widget_type=\"text-editor.default\"><div class=\"elementor-widget-container\"><p>S\u00ec, la head spa pu\u00f2 essere facilmente collegata a un lavandino esistente nel salone. Il sistema \u00e8 stato progettato per essere compatibile con le connessioni idriche standard, rendendo l'installazione rapida e senza grandi modifiche. L'arco d'acqua \u00e8 posizionato sopra il lavandino, in modo che il getto d'acqua scorra in modo ottimale sul cuoio capelluto e scarichi l'acqua in modo ordinato. In questo modo \u00e8 possibile offrire un trattamento professionale per la testa senza bisogno di spazio aggiuntivo o di installazioni complesse.<\/p><\/div><\/div><\/div>\n\t\t\t\t<\/div>\n\t\t\t\t\t\t\t<div class=\"elementor-toggle-item\">\n\t\t\t\t\t<h5 id=\"elementor-tab-title-1244\" class=\"elementor-tab-title\" data-tab=\"4\" role=\"button\" aria-controls=\"elementor-tab-content-1244\" aria-expanded=\"false\">\n\t\t\t\t\t\t\t\t\t\t\t\t<a class=\"elementor-toggle-title\" tabindex=\"0\">Quanti anni di garanzia ha la head spa?<\/a>\n\t\t\t\t\t<\/h5>\n\n\t\t\t\t\t<div id=\"elementor-tab-content-1244\" class=\"elementor-tab-content elementor-clearfix\" data-tab=\"4\" role=\"region\" aria-labelledby=\"elementor-tab-title-1244\"><div class=\"elementor-element elementor-element-52b741b elementor-widget elementor-widget-text-editor\" data-id=\"52b741b\" data-element_type=\"widget\" data-widget_type=\"text-editor.default\"><div class=\"elementor-widget-container\"><p>Alla head spa si applica una garanzia standard di 1 anno. Questa copre i difetti di fabbricazione e i guasti tecnici entro il periodo di garanzia. Per ulteriori informazioni sulle condizioni di garanzia o su eventuali opzioni di estensione, non esitate a contattarci.<\/p><\/div><\/div><div class=\"elementor-element elementor-element-dd95794 elementor-widget elementor-widget-image\" data-id=\"dd95794\" data-element_type=\"widget\" data-widget_type=\"image.default\">\u00a0<\/div><\/div>\n\t\t\t\t<\/div>\n\t\t\t\t\t\t\t\t<\/div>\n\t\t\t\t\t\t<\/div>\n\t\t\t\t<\/div>\n\t\t\t\t<div class=\"elementor-element elementor-element-41de3f2 elementor-widget__width-inherit elementor-widget elementor-widget-toggle\" data-id=\"41de3f2\" data-element_type=\"widget\" data-e-type=\"widget\" data-widget_type=\"toggle.default\">\n\t\t\t\t<div class=\"elementor-widget-container\">\n\t\t\t\t\t\t\t<div class=\"elementor-toggle\">\n\t\t\t\t\t\t\t<div class=\"elementor-toggle-item\">\n\t\t\t\t\t<h5 id=\"elementor-tab-title-6901\" class=\"elementor-tab-title\" data-tab=\"1\" role=\"button\" aria-controls=\"elementor-tab-content-6901\" aria-expanded=\"false\">\n\t\t\t\t\t\t\t\t\t\t\t\t<a class=\"elementor-toggle-title\" tabindex=\"0\">Costi e tempi di spedizione<\/a>\n\t\t\t\t\t<\/h5>\n\n\t\t\t\t\t<div id=\"elementor-tab-content-6901\" class=\"elementor-tab-content elementor-clearfix\" data-tab=\"1\" role=\"region\" aria-labelledby=\"elementor-tab-title-6901\"><table dir=\"ltr\" border=\"1\" cellspacing=\"0\" cellpadding=\"5\" data-sheets-root=\"1\" data-sheets-baot=\"1\"><tbody><tr><td>BE, NL<\/td><td>3-5 giorni e &lt;24 ore<\/td><td>\u20ac199<\/td><\/tr><tr><td>DE, FR<\/td><td>4-7 giorni<\/td><td>\u20ac199<\/td><\/tr><tr><td>IT,ES,PL,AU<\/td><td>4-8 giorni<\/td><td>\u20ac199<\/td><\/tr><tr><td>In tutto il mondo<\/td><td>su richiesta<\/td><td>su richiesta<\/td><\/tr><\/tbody><\/table><\/div>\n\t\t\t\t<\/div>\n\t\t\t\t\t\t\t<div class=\"elementor-toggle-item\">\n\t\t\t\t\t<h5 id=\"elementor-tab-title-6902\" class=\"elementor-tab-title\" data-tab=\"2\" role=\"button\" aria-controls=\"elementor-tab-content-6902\" aria-expanded=\"false\">\n\t\t\t\t\t\t\t\t\t\t\t\t<a class=\"elementor-toggle-title\" tabindex=\"0\">Offrite una formazione per i trattamenti headspa?<\/a>\n\t\t\t\t\t<\/h5>\n\n\t\t\t\t\t<div id=\"elementor-tab-content-6902\" class=\"elementor-tab-content elementor-clearfix\" data-tab=\"2\" role=\"region\" aria-labelledby=\"elementor-tab-title-6902\"><div class=\"elementor-element elementor-element-49a9590 elementor-widget elementor-widget-text-editor\" data-id=\"49a9590\" data-element_type=\"widget\" data-widget_type=\"text-editor.default\"><div class=\"elementor-widget-container\"><p>Non offriamo noi stessi formazione per i trattamenti headspa, ma collaboriamo con partner specializzati che lo fanno. Se siete interessati alla formazione, non esitate a contattarci. Saremo lieti di aiutarvi mettendovi in contatto con un partner di formazione adatto.<\/p><\/div><\/div><div class=\"elementor-element elementor-element-7059e9e elementor-widget elementor-widget-menu-anchor\" data-id=\"7059e9e\" data-element_type=\"widget\" data-widget_type=\"menu-anchor.default\"><div class=\"elementor-widget-container\"><div id=\"headspa-garantie\" class=\"elementor-menu-anchor\">\u00a0<\/div><\/div><\/div><div class=\"elementor-element elementor-element-52b741b elementor-widget elementor-widget-text-editor\" data-id=\"52b741b\" data-element_type=\"widget\" data-widget_type=\"text-editor.default\"><div class=\"elementor-widget-container\">\u00a0<\/div><\/div><\/div>\n\t\t\t\t<\/div>\n\t\t\t\t\t\t\t<div class=\"elementor-toggle-item\">\n\t\t\t\t\t<h5 id=\"elementor-tab-title-6903\" class=\"elementor-tab-title\" data-tab=\"3\" role=\"button\" aria-controls=\"elementor-tab-content-6903\" aria-expanded=\"false\">\n\t\t\t\t\t\t\t\t\t\t\t\t<a class=\"elementor-toggle-title\" tabindex=\"0\">MediRelaxa \u00e8 lo specialista da cui acquistare un centro benessere per la testa<\/a>\n\t\t\t\t\t<\/h5>\n\n\t\t\t\t\t<div id=\"elementor-tab-content-6903\" class=\"elementor-tab-content elementor-clearfix\" data-tab=\"3\" role=\"region\" aria-labelledby=\"elementor-tab-title-6903\"><div class=\"elementor-element elementor-element-34585d1 elementor-widget elementor-widget-text-editor\" data-id=\"34585d1\" data-element_type=\"widget\" data-widget_type=\"text-editor.default\"><div class=\"elementor-widget-container\"><p>Siete alla ricerca di un <a href=\"https:\/\/headspastore.com\">headspa<\/a> per il vostro salone? MediRelaxa sar\u00e0 lieta di aiutarvi a conoscere i prodotti a livello professionale. Aiutare il cliente \u00e8 la nostra priorit\u00e0 numero uno e per questo riceviamo molte recensioni positive. Non esitate a contattarci!<\/p><\/div><\/div><div class=\"elementor-element elementor-element-20ae56a e-con-full e-flex e-con e-child\" data-id=\"20ae56a\" data-element_type=\"container\"><div class=\"elementor-element elementor-element-6aad24f elementor-widget elementor-widget-button\" data-id=\"6aad24f\" data-element_type=\"widget\" data-widget_type=\"button.default\"><div class=\"elementor-widget-container\"><div class=\"elementor-button-wrapper\">\u00a0<\/div><\/div><\/div><\/div><\/div>\n\t\t\t\t<\/div>\n\t\t\t\t\t\t\t\t<\/div>\n\t\t\t\t\t\t<\/div>\n\t\t\t\t<\/div>\n\t\t\t\t<\/div>\n\t\t\t\t\t<\/div>\n\t\t\t\t<\/div>\n\t\t<div class=\"elementor-element elementor-element-edf75e6 e-flex e-con-boxed e-con e-parent\" data-id=\"edf75e6\" data-element_type=\"container\" data-e-type=\"container\">\n\t\t\t\t\t<div class=\"e-con-inner\">\n\t\t<div class=\"elementor-element elementor-element-b86f572 e-con-full e-flex e-con e-child\" data-id=\"b86f572\" data-element_type=\"container\" data-e-type=\"container\" data-settings=\"{&quot;background_background&quot;:&quot;classic&quot;}\">\n\t\t\t\t<div class=\"elementor-element elementor-element-0a5494b elementor-widget elementor-widget-video\" data-id=\"0a5494b\" data-element_type=\"widget\" data-e-type=\"widget\" data-settings=\"{&quot;youtube_url&quot;:&quot;https:\\\/\\\/www.youtube.com\\\/shorts\\\/HgfrUaQYWGw&quot;,&quot;video_type&quot;:&quot;youtube&quot;,&quot;controls&quot;:&quot;yes&quot;}\" data-widget_type=\"video.default\">\n\t\t\t\t<div class=\"elementor-widget-container\">\n\t\t\t\t\t\t\t<div class=\"elementor-wrapper elementor-open-inline\">\n\t\t\t<div class=\"elementor-video\"><\/div>\t\t<\/div>\n\t\t\t\t\t\t<\/div>\n\t\t\t\t<\/div>\n\t\t\t\t<\/div>\n\t\t<div class=\"elementor-element elementor-element-9d96ce5 e-con-full e-flex e-con e-child\" data-id=\"9d96ce5\" data-element_type=\"container\" data-e-type=\"container\" data-settings=\"{&quot;background_background&quot;:&quot;classic&quot;}\">\n\t\t\t\t<div class=\"elementor-element elementor-element-d1fb628 elementor-widget elementor-widget-video\" data-id=\"d1fb628\" data-element_type=\"widget\" data-e-type=\"widget\" data-settings=\"{&quot;youtube_url&quot;:&quot;https:\\\/\\\/youtu.be\\\/1PIf0EN4M0o&quot;,&quot;video_type&quot;:&quot;youtube&quot;,&quot;controls&quot;:&quot;yes&quot;}\" data-widget_type=\"video.default\">\n\t\t\t\t<div class=\"elementor-widget-container\">\n\t\t\t\t\t\t\t<div class=\"elementor-wrapper elementor-open-inline\">\n\t\t\t<div class=\"elementor-video\"><\/div>\t\t<\/div>\n\t\t\t\t\t\t<\/div>\n\t\t\t\t<\/div>\n\t\t\t\t<\/div>\n\t\t\t\t\t<\/div>\n\t\t\t\t<\/div>\n\t\t<div class=\"elementor-element elementor-element-a547a4d e-flex e-con-boxed e-con e-parent\" data-id=\"a547a4d\" data-element_type=\"container\" data-e-type=\"container\" data-settings=\"{&quot;background_background&quot;:&quot;classic&quot;}\">\n\t\t\t\t\t<div class=\"e-con-inner\">\n\t\t<div class=\"elementor-element elementor-element-2817401 e-con-full e-flex e-con e-child\" data-id=\"2817401\" data-element_type=\"container\" data-e-type=\"container\" data-settings=\"{&quot;background_background&quot;:&quot;classic&quot;}\">\n\t\t<div class=\"elementor-element elementor-element-fad1002 e-con-full e-flex e-con e-child\" data-id=\"fad1002\" data-element_type=\"container\" data-e-type=\"container\">\n\t\t\t\t<div class=\"elementor-element elementor-element-d5d6640 elementor-icon-list--layout-inline elementor-list-item-link-full_width elementor-widget elementor-widget-icon-list\" data-id=\"d5d6640\" data-element_type=\"widget\" data-e-type=\"widget\" data-widget_type=\"icon-list.default\">\n\t\t\t\t<div class=\"elementor-widget-container\">\n\t\t\t\t\t\t\t<ul class=\"elementor-icon-list-items elementor-inline-items\">\n\t\t\t\t\t\t\t<li class=\"elementor-icon-list-item elementor-inline-item\">\n\t\t\t\t\t\t\t\t\t\t\t<a href=\"https:\/\/medirelax.nl\/wp-content\/uploads\/2025\/04\/MediRelaxa-Headspa-Foot-Bath-techinical-details.pdf\" target=\"_blank\">\n\n\t\t\t\t\t\t\t\t\t\t\t\t<span class=\"elementor-icon-list-icon\">\n\t\t\t\t\t\t\t<svg aria-hidden=\"true\" class=\"e-font-icon-svg e-fas-file-download\" viewbox=\"0 0 384 512\" xmlns=\"http:\/\/www.w3.org\/2000\/svg\"><path d=\"M224 136V0H24C10.7 0 0 10.7 0 24v464c0 13.3 10.7 24 24 24h336c13.3 0 24-10.7 24-24V160H248c-13.2 0-24-10.8-24-24zm76.45 211.36l-96.42 95.7c-6.65 6.61-17.39 6.61-24.04 0l-96.42-95.7C73.42 337.29 80.54 320 94.82 320H160v-80c0-8.84 7.16-16 16-16h32c8.84 0 16 7.16 16 16v80h65.18c14.28 0 21.4 17.29 11.27 27.36zM377 105L279.1 7c-4.5-4.5-10.6-7-17-7H256v128h128v-6.1c0-6.3-2.5-12.4-7-16.9z\"><\/path><\/svg>\t\t\t\t\t\t<\/span>\n\t\t\t\t\t\t\t\t\t\t<span class=\"elementor-icon-list-text\">Scheda tecnica<\/span>\n\t\t\t\t\t\t\t\t\t\t\t<\/a>\n\t\t\t\t\t\t\t\t\t<\/li>\n\t\t\t\t\t\t<\/ul>\n\t\t\t\t\t\t<\/div>\n\t\t\t\t<\/div>\n\t\t\t\t<div class=\"elementor-element elementor-element-9a815f6 elementor-widget elementor-widget-text-editor\" data-id=\"9a815f6\" data-element_type=\"widget\" data-e-type=\"widget\" data-widget_type=\"text-editor.default\">\n\t\t\t\t<div class=\"elementor-widget-container\">\n\t\t\t\t\t\t\t\t\t<ul><li><strong>Belgio, Paesi Bassi:<\/strong> 3-5 giorni lavorativi; \u20ac199 (su richiesta pu\u00f2 essere spedito entro 24 ore)<\/li><li><strong>Francia, Germania:<\/strong> 4-7 giorni; 199 \u20ac<\/li><li><strong>Italia, Spagna, Polonia, Austria:<\/strong> 4-8 giorni; 199 \u20ac<\/li><li><strong>Altri paesi:<\/strong> su richiesta<\/li><\/ul>\t\t\t\t\t\t\t\t<\/div>\n\t\t\t\t<\/div>\n\t\t\t\t<\/div>\n\t\t\t\t<\/div>\n\t\t\t\t\t<\/div>\n\t\t\t\t<\/div>\n\t\t<div class=\"elementor-element elementor-element-9508f11 e-flex e-con-boxed e-con e-parent\" data-id=\"9508f11\" data-element_type=\"container\" data-e-type=\"container\" data-settings=\"{&quot;background_background&quot;:&quot;classic&quot;}\">\n\t\t\t\t\t<div class=\"e-con-inner\">\n\t\t<div class=\"elementor-element elementor-element-ebb0fa8 e-con-full e-flex e-con e-child\" data-id=\"ebb0fa8\" data-element_type=\"container\" data-e-type=\"container\">\n\t\t\t\t<div class=\"elementor-element elementor-element-5ce05ec elementor-widget elementor-widget-video\" data-id=\"5ce05ec\" data-element_type=\"widget\" data-e-type=\"widget\" data-settings=\"{&quot;youtube_url&quot;:&quot;https:\\\/\\\/youtu.be\\\/Mn27CGUWgO8&quot;,&quot;video_type&quot;:&quot;youtube&quot;,&quot;controls&quot;:&quot;yes&quot;}\" data-widget_type=\"video.default\">\n\t\t\t\t<div class=\"elementor-widget-container\">\n\t\t\t\t\t\t\t<div class=\"elementor-wrapper elementor-open-inline\">\n\t\t\t<div class=\"elementor-video\"><\/div>\t\t<\/div>\n\t\t\t\t\t\t<\/div>\n\t\t\t\t<\/div>\n\t\t\t\t<\/div>\n\t\t\t\t\t<\/div>\n\t\t\t\t<\/div>\n\t\t<div class=\"elementor-element elementor-element-013e64a e-flex e-con-boxed e-con e-parent\" data-id=\"013e64a\" data-element_type=\"container\" data-e-type=\"container\" data-settings=\"{&quot;background_background&quot;:&quot;classic&quot;}\">\n\t\t\t\t\t<div class=\"e-con-inner\">\n\t\t\t\t<div class=\"elementor-element elementor-element-7fc1455 elementor-widget elementor-widget-heading\" data-id=\"7fc1455\" data-element_type=\"widget\" data-e-type=\"widget\" data-widget_type=\"heading.default\">\n\t\t\t\t<div class=\"elementor-widget-container\">\n\t\t\t\t\t<h2 class=\"elementor-heading-title elementor-size-default\">Altre varianti di Headspa<\/h2>\t\t\t\t<\/div>\n\t\t\t\t<\/div>\n\t\t\t\t<div class=\"elementor-element elementor-element-2a7614a elementor-grid-mobile-1 midden-sterren elementor-grid-4 elementor-grid-tablet-3 elementor-products-grid elementor-wc-products elementor-widget elementor-widget-woocommerce-products\" data-id=\"2a7614a\" data-element_type=\"widget\" data-e-type=\"widget\" data-widget_type=\"woocommerce-products.default\">\n\t\t\t\t<div class=\"elementor-widget-container\">\n\t\t\t\t\t<div class=\"woocommerce columns-4\"><ul class=\"products elementor-grid columns-4\" data-products=\"type-1\" data-hover=\"swap\">\n<li class=\"product type-product post-11044 status-publish first instock product_cat-headspa has-post-thumbnail sale taxable shipping-taxable purchasable product-type-simple\">\n\t<a href=\"https:\/\/medirelax.nl\/it\/product\/headspa-giapponese-pro-beige\/\" class=\"woocommerce-LoopProduct-link woocommerce-loop-product__link\">\n\t<span class=\"onsale\" data-shape=\"type-2\">Promo<\/span>\n\t<img loading=\"lazy\" decoding=\"async\" width=\"300\" height=\"300\" src=\"https:\/\/i0.wp.com\/medirelax.nl\/wp-content\/uploads\/2025\/05\/Japanse-Headspa-Pro-Beige-6.jpg?resize=300%2C300&amp;ssl=1\" class=\"attachment-woocommerce_thumbnail size-woocommerce_thumbnail\" alt=\"Japanse Headspa Pro - Beige (80cm hoogte)\" srcset=\"https:\/\/i0.wp.com\/medirelax.nl\/wp-content\/uploads\/2025\/05\/Japanse-Headspa-Pro-Beige-6.jpg?w=1200&amp;ssl=1 1200w, https:\/\/i0.wp.com\/medirelax.nl\/wp-content\/uploads\/2025\/05\/Japanse-Headspa-Pro-Beige-6.jpg?resize=300%2C300&amp;ssl=1 300w, https:\/\/i0.wp.com\/medirelax.nl\/wp-content\/uploads\/2025\/05\/Japanse-Headspa-Pro-Beige-6.jpg?resize=1024%2C1024&amp;ssl=1 1024w, https:\/\/i0.wp.com\/medirelax.nl\/wp-content\/uploads\/2025\/05\/Japanse-Headspa-Pro-Beige-6.jpg?resize=150%2C150&amp;ssl=1 150w, https:\/\/i0.wp.com\/medirelax.nl\/wp-content\/uploads\/2025\/05\/Japanse-Headspa-Pro-Beige-6.jpg?resize=768%2C768&amp;ssl=1 768w, https:\/\/i0.wp.com\/medirelax.nl\/wp-content\/uploads\/2025\/05\/Japanse-Headspa-Pro-Beige-6.jpg?resize=12%2C12&amp;ssl=1 12w, https:\/\/i0.wp.com\/medirelax.nl\/wp-content\/uploads\/2025\/05\/Japanse-Headspa-Pro-Beige-6.jpg?resize=100%2C100&amp;ssl=1 100w\" sizes=\"(max-width: 300px) 100vw, 300px\" \/><h2 class=\"woocommerce-loop-product__title\">Headspa Pro giapponese - Beige (altezza 80 cm)<\/h2><div class=\"star-rating\" role=\"img\" aria-label=\"Valutato 5.00 su 5\" data-no-translation-aria-label=\"\"><span style=\"width:100%\" data-no-translation=\"\" data-trp-gettext=\"\">Valutato <strong class=\"rating\">5.00<\/strong> su 5<\/span><\/div><div class=\"woocommerce-review-link\" style=\"margin-bottom: 10px;\"><a href=\"https:\/\/medirelax.nl\/it\/product\/headspa-giapponese-pro-beige\/#reviews\" style=\"text-decoration: none; color: inherit;\"><div class=\"star-rating\" role=\"img\" aria-label=\"Voto 5,00 su 5\" style=\"margin-bottom: 3px;\"><span style=\"width:100%;\">Recensito <strong class=\"rating\">5.00<\/strong> su 5<\/span><\/div><span style=\"font-size: 14px; color: #555; margin-top: 1px; display: inline-block;\">(1 recensioni)<\/span><\/a><\/div>\n\t<span class=\"price\"><span class=\"sale-price\"><del aria-hidden=\"true\"><span class=\"woocommerce-Price-amount amount\"><bdi><span class=\"woocommerce-Price-currencySymbol\">\u20ac<\/span>&nbsp;2.200<\/bdi><\/span><\/del> <span class=\"screen-reader-text\" data-no-translation=\"\" data-trp-gettext=\"\">Il prezzo originale era: &euro;&nbsp;2.200.<\/span><ins aria-hidden=\"true\"><span class=\"woocommerce-Price-amount amount\"><bdi><span class=\"woocommerce-Price-currencySymbol\">\u20ac<\/span>&nbsp;1.795<\/bdi><\/span><\/ins><span class=\"screen-reader-text\" data-no-translation=\"\" data-trp-gettext=\"\">Il prezzo attuale \u00e8: &euro;&nbsp;1.795.<\/span><\/span> <small>(IVA esclusa)<\/small><\/span>\n<\/a><a href=\"\/it\/wp-json\/wp\/v2\/product\/12094?add-to-cart=11044\" aria-describedby=\"woocommerce_loop_add_to_cart_link_describedby_11044\" data-quantity=\"1\" class=\"button product_type_simple add_to_cart_button ajax_add_to_cart\" data-product_id=\"11044\" data-product_sku=\"\" aria-label=\"Aggiungi al carrello: &quot;Japanse Headspa Pro - Beige (80cm hoogte)&quot;\" rel=\"nofollow\" data-success_message=\"&quot;Japanse Headspa Pro - Beige (80cm hoogte)&quot; \u00e8 stato aggiunto al tuo carrello.\" role=\"button\" data-no-translation=\"\" data-trp-gettext=\"\" data-no-translation-aria-label=\"\" data-no-translation-data-success_message=\"\">Aggiungi al carrello<\/a>\t<span id=\"woocommerce_loop_add_to_cart_link_describedby_11044\" class=\"screen-reader-text\">\n\t\t\t<\/span>\n<span class=\"gtm4wp_productdata\" style=\"display:none; visibility:hidden;\" data-gtm4wp_product_data=\"{&quot;internal_id&quot;:11044,&quot;item_id&quot;:11044,&quot;item_name&quot;:&quot;Japanse Headspa Pro - Beige (80cm hoogte)&quot;,&quot;sku&quot;:11044,&quot;price&quot;:1795,&quot;stocklevel&quot;:null,&quot;stockstatus&quot;:&quot;instock&quot;,&quot;google_business_vertical&quot;:&quot;retail&quot;,&quot;item_category&quot;:&quot;Headspa&quot;,&quot;id&quot;:11044,&quot;productlink&quot;:&quot;https:\\\/\\\/medirelax.nl\\\/it\\\/product\\\/headspa-giapponese-pro-beige\\\/&quot;,&quot;item_list_name&quot;:&quot;General Product List&quot;,&quot;index&quot;:1,&quot;product_type&quot;:&quot;simple&quot;,&quot;item_brand&quot;:&quot;&quot;}\"><\/span><\/li>\n<li class=\"product type-product post-10577 status-publish instock product_cat-headspa has-post-thumbnail taxable shipping-taxable purchasable product-type-simple\">\n\t<a href=\"https:\/\/medirelax.nl\/it\/product\/headspa-mobile\/\" class=\"woocommerce-LoopProduct-link woocommerce-loop-product__link\"><img loading=\"lazy\" decoding=\"async\" width=\"300\" height=\"300\" src=\"https:\/\/i0.wp.com\/medirelax.nl\/wp-content\/uploads\/2025\/02\/mobiele-headspa-10-min.jpg?resize=300%2C300&amp;ssl=1\" class=\"attachment-woocommerce_thumbnail size-woocommerce_thumbnail\" alt=\"Headspa mobile (serbatoio dell&#039;acqua da 60L)\" srcset=\"https:\/\/i0.wp.com\/medirelax.nl\/wp-content\/uploads\/2025\/02\/mobiele-headspa-10-min.jpg?w=1200&amp;ssl=1 1200w, https:\/\/i0.wp.com\/medirelax.nl\/wp-content\/uploads\/2025\/02\/mobiele-headspa-10-min.jpg?resize=300%2C300&amp;ssl=1 300w, https:\/\/i0.wp.com\/medirelax.nl\/wp-content\/uploads\/2025\/02\/mobiele-headspa-10-min.jpg?resize=1024%2C1024&amp;ssl=1 1024w, https:\/\/i0.wp.com\/medirelax.nl\/wp-content\/uploads\/2025\/02\/mobiele-headspa-10-min.jpg?resize=150%2C150&amp;ssl=1 150w, https:\/\/i0.wp.com\/medirelax.nl\/wp-content\/uploads\/2025\/02\/mobiele-headspa-10-min.jpg?resize=768%2C768&amp;ssl=1 768w, https:\/\/i0.wp.com\/medirelax.nl\/wp-content\/uploads\/2025\/02\/mobiele-headspa-10-min.jpg?resize=12%2C12&amp;ssl=1 12w, https:\/\/i0.wp.com\/medirelax.nl\/wp-content\/uploads\/2025\/02\/mobiele-headspa-10-min.jpg?resize=100%2C100&amp;ssl=1 100w\" sizes=\"(max-width: 300px) 100vw, 300px\" \/><h2 class=\"woocommerce-loop-product__title\">Headspa mobile (serbatoio dell'acqua da 60L)<\/h2><div class=\"star-rating\" role=\"img\" aria-label=\"Valutato 4.89 su 5\" data-no-translation-aria-label=\"\"><span style=\"width:97.8%\" data-no-translation=\"\" data-trp-gettext=\"\">Valutato <strong class=\"rating\">4.89<\/strong> su 5<\/span><\/div><div class=\"woocommerce-review-link\" style=\"margin-bottom: 10px;\"><a href=\"https:\/\/medirelax.nl\/it\/product\/headspa-mobile\/#reviews\" style=\"text-decoration: none; color: inherit;\"><div class=\"star-rating\" role=\"img\" aria-label=\"Voto 4,89 su 5\" style=\"margin-bottom: 3px;\"><span style=\"width:97.8%;\">Recensito <strong class=\"rating\">4.89<\/strong> su 5<\/span><\/div><span style=\"font-size: 14px; color: #555; margin-top: 1px; display: inline-block;\">(45 recensioni)<\/span><\/a><\/div>\n\t<span class=\"price\"><span class=\"woocommerce-Price-amount amount\"><bdi><span class=\"woocommerce-Price-currencySymbol\">\u20ac<\/span>&nbsp;1.295<\/bdi><\/span> <small>(IVA esclusa)<\/small><\/span>\n<\/a><a href=\"\/it\/wp-json\/wp\/v2\/product\/12094?add-to-cart=10577\" aria-describedby=\"woocommerce_loop_add_to_cart_link_describedby_10577\" data-quantity=\"1\" class=\"button product_type_simple add_to_cart_button ajax_add_to_cart\" data-product_id=\"10577\" data-product_sku=\"\" aria-label=\"Aggiungi al carrello: &quot;Mobiele Headspa (60L Watertank)&quot;\" rel=\"nofollow\" data-success_message=\"&quot;Mobiele Headspa (60L Watertank)&quot; \u00e8 stato aggiunto al tuo carrello.\" role=\"button\" data-no-translation=\"\" data-trp-gettext=\"\" data-no-translation-aria-label=\"\" data-no-translation-data-success_message=\"\">Aggiungi al carrello<\/a>\t<span id=\"woocommerce_loop_add_to_cart_link_describedby_10577\" class=\"screen-reader-text\">\n\t\t\t<\/span>\n<span class=\"gtm4wp_productdata\" style=\"display:none; visibility:hidden;\" data-gtm4wp_product_data=\"{&quot;internal_id&quot;:10577,&quot;item_id&quot;:10577,&quot;item_name&quot;:&quot;Mobiele Headspa (60L Watertank)&quot;,&quot;sku&quot;:10577,&quot;price&quot;:1295,&quot;stocklevel&quot;:null,&quot;stockstatus&quot;:&quot;instock&quot;,&quot;google_business_vertical&quot;:&quot;retail&quot;,&quot;item_category&quot;:&quot;Headspa&quot;,&quot;id&quot;:10577,&quot;productlink&quot;:&quot;https:\\\/\\\/medirelax.nl\\\/it\\\/product\\\/headspa-mobile\\\/&quot;,&quot;item_list_name&quot;:&quot;General Product List&quot;,&quot;index&quot;:2,&quot;product_type&quot;:&quot;simple&quot;,&quot;item_brand&quot;:&quot;&quot;}\"><\/span><\/li>\n<li class=\"product type-product post-9797 status-publish instock product_cat-headspa has-post-thumbnail sale taxable shipping-taxable purchasable product-type-simple\">\n\t<a href=\"https:\/\/medirelax.nl\/it\/product\/letto-head-spa\/\" class=\"woocommerce-LoopProduct-link woocommerce-loop-product__link\">\n\t<span class=\"onsale\" data-shape=\"type-2\">Promo<\/span>\n\t<img loading=\"lazy\" decoding=\"async\" width=\"300\" height=\"300\" src=\"https:\/\/i0.wp.com\/medirelax.nl\/wp-content\/uploads\/2025\/02\/Headspa-bed-met-voetbad-zwart-min.jpg?resize=300%2C300&amp;ssl=1\" class=\"attachment-woocommerce_thumbnail size-woocommerce_thumbnail\" alt=\"Lettino head spa con pediluvio black head spa\" srcset=\"https:\/\/i0.wp.com\/medirelax.nl\/wp-content\/uploads\/2025\/02\/Headspa-bed-met-voetbad-zwart-min.jpg?w=1200&amp;ssl=1 1200w, https:\/\/i0.wp.com\/medirelax.nl\/wp-content\/uploads\/2025\/02\/Headspa-bed-met-voetbad-zwart-min.jpg?resize=300%2C300&amp;ssl=1 300w, https:\/\/i0.wp.com\/medirelax.nl\/wp-content\/uploads\/2025\/02\/Headspa-bed-met-voetbad-zwart-min.jpg?resize=1024%2C1024&amp;ssl=1 1024w, https:\/\/i0.wp.com\/medirelax.nl\/wp-content\/uploads\/2025\/02\/Headspa-bed-met-voetbad-zwart-min.jpg?resize=150%2C150&amp;ssl=1 150w, https:\/\/i0.wp.com\/medirelax.nl\/wp-content\/uploads\/2025\/02\/Headspa-bed-met-voetbad-zwart-min.jpg?resize=768%2C768&amp;ssl=1 768w, https:\/\/i0.wp.com\/medirelax.nl\/wp-content\/uploads\/2025\/02\/Headspa-bed-met-voetbad-zwart-min.jpg?resize=12%2C12&amp;ssl=1 12w, https:\/\/i0.wp.com\/medirelax.nl\/wp-content\/uploads\/2025\/02\/Headspa-bed-met-voetbad-zwart-min.jpg?resize=100%2C100&amp;ssl=1 100w\" sizes=\"(max-width: 300px) 100vw, 300px\" \/><h2 class=\"woocommerce-loop-product__title\">Headspa con pediluvio - Nero<\/h2><div class=\"star-rating\" role=\"img\" aria-label=\"Valutato 5.00 su 5\" data-no-translation-aria-label=\"\"><span style=\"width:100%\" data-no-translation=\"\" data-trp-gettext=\"\">Valutato <strong class=\"rating\">5.00<\/strong> su 5<\/span><\/div><div class=\"woocommerce-review-link\" style=\"margin-bottom: 10px;\"><a href=\"https:\/\/medirelax.nl\/it\/product\/letto-head-spa\/#reviews\" style=\"text-decoration: none; color: inherit;\"><div class=\"star-rating\" role=\"img\" aria-label=\"Voto 5,00 su 5\" style=\"margin-bottom: 3px;\"><span style=\"width:100%;\">Recensito <strong class=\"rating\">5.00<\/strong> su 5<\/span><\/div><span style=\"font-size: 14px; color: #555; margin-top: 1px; display: inline-block;\">(15 recensioni)<\/span><\/a><\/div>\n\t<span class=\"price\"><span class=\"sale-price\"><del aria-hidden=\"true\"><span class=\"woocommerce-Price-amount amount\"><bdi><span class=\"woocommerce-Price-currencySymbol\">\u20ac<\/span>&nbsp;3.000<\/bdi><\/span><\/del> <span class=\"screen-reader-text\" data-no-translation=\"\" data-trp-gettext=\"\">Il prezzo originale era: &euro;&nbsp;3.000.<\/span><ins aria-hidden=\"true\"><span class=\"woocommerce-Price-amount amount\"><bdi><span class=\"woocommerce-Price-currencySymbol\">\u20ac<\/span>&nbsp;2.395<\/bdi><\/span><\/ins><span class=\"screen-reader-text\" data-no-translation=\"\" data-trp-gettext=\"\">Il prezzo attuale \u00e8: &euro;&nbsp;2.395.<\/span><\/span> <small>(IVA esclusa)<\/small><\/span>\n<\/a><a href=\"\/it\/wp-json\/wp\/v2\/product\/12094?add-to-cart=9797\" aria-describedby=\"woocommerce_loop_add_to_cart_link_describedby_9797\" data-quantity=\"1\" class=\"button product_type_simple add_to_cart_button ajax_add_to_cart\" data-product_id=\"9797\" data-product_sku=\"\" aria-label=\"Aggiungi al carrello: &quot;Headspa met Voetbad - Zwart&quot;\" rel=\"nofollow\" data-success_message=\"&quot;Headspa met Voetbad - Zwart&quot; \u00e8 stato aggiunto al tuo carrello.\" role=\"button\" data-no-translation=\"\" data-trp-gettext=\"\" data-no-translation-aria-label=\"\" data-no-translation-data-success_message=\"\">Aggiungi al carrello<\/a>\t<span id=\"woocommerce_loop_add_to_cart_link_describedby_9797\" class=\"screen-reader-text\">\n\t\t\t<\/span>\n<span class=\"gtm4wp_productdata\" style=\"display:none; visibility:hidden;\" data-gtm4wp_product_data=\"{&quot;internal_id&quot;:9797,&quot;item_id&quot;:9797,&quot;item_name&quot;:&quot;Headspa met Voetbad - Zwart&quot;,&quot;sku&quot;:9797,&quot;price&quot;:2395,&quot;stocklevel&quot;:1,&quot;stockstatus&quot;:&quot;instock&quot;,&quot;google_business_vertical&quot;:&quot;retail&quot;,&quot;item_category&quot;:&quot;Headspa&quot;,&quot;id&quot;:9797,&quot;productlink&quot;:&quot;https:\\\/\\\/medirelax.nl\\\/it\\\/product\\\/letto-head-spa\\\/&quot;,&quot;item_list_name&quot;:&quot;General Product List&quot;,&quot;index&quot;:3,&quot;product_type&quot;:&quot;simple&quot;,&quot;item_brand&quot;:&quot;&quot;}\"><\/span><\/li>\n<li class=\"product type-product post-9734 status-publish last instock product_cat-headspa product_cat-salon has-post-thumbnail taxable shipping-taxable purchasable product-type-simple\">\n\t<a href=\"https:\/\/medirelax.nl\/it\/product\/dispositivo-per-lanalisi-del-cuoio-capelluto\/\" class=\"woocommerce-LoopProduct-link woocommerce-loop-product__link\"><img loading=\"lazy\" decoding=\"async\" width=\"300\" height=\"300\" src=\"https:\/\/i0.wp.com\/medirelax.nl\/wp-content\/uploads\/2025\/02\/8-Hoofdhuid-analyse-scan-apparaat.jpg?resize=300%2C300&amp;ssl=1\" class=\"attachment-woocommerce_thumbnail size-woocommerce_thumbnail\" alt=\"Dispositivo di analisi del cuoio capelluto\" srcset=\"https:\/\/i0.wp.com\/medirelax.nl\/wp-content\/uploads\/2025\/02\/8-Hoofdhuid-analyse-scan-apparaat.jpg?w=1200&amp;ssl=1 1200w, https:\/\/i0.wp.com\/medirelax.nl\/wp-content\/uploads\/2025\/02\/8-Hoofdhuid-analyse-scan-apparaat.jpg?resize=300%2C300&amp;ssl=1 300w, https:\/\/i0.wp.com\/medirelax.nl\/wp-content\/uploads\/2025\/02\/8-Hoofdhuid-analyse-scan-apparaat.jpg?resize=1024%2C1024&amp;ssl=1 1024w, https:\/\/i0.wp.com\/medirelax.nl\/wp-content\/uploads\/2025\/02\/8-Hoofdhuid-analyse-scan-apparaat.jpg?resize=150%2C150&amp;ssl=1 150w, https:\/\/i0.wp.com\/medirelax.nl\/wp-content\/uploads\/2025\/02\/8-Hoofdhuid-analyse-scan-apparaat.jpg?resize=768%2C768&amp;ssl=1 768w, https:\/\/i0.wp.com\/medirelax.nl\/wp-content\/uploads\/2025\/02\/8-Hoofdhuid-analyse-scan-apparaat.jpg?resize=12%2C12&amp;ssl=1 12w, https:\/\/i0.wp.com\/medirelax.nl\/wp-content\/uploads\/2025\/02\/8-Hoofdhuid-analyse-scan-apparaat.jpg?resize=100%2C100&amp;ssl=1 100w\" sizes=\"(max-width: 300px) 100vw, 300px\" \/><h2 class=\"woocommerce-loop-product__title\">Dispositivo di analisi del cuoio capelluto<\/h2><div class=\"star-rating\" role=\"img\" aria-label=\"Valutato 4.67 su 5\" data-no-translation-aria-label=\"\"><span style=\"width:93.4%\" data-no-translation=\"\" data-trp-gettext=\"\">Valutato <strong class=\"rating\">4.67<\/strong> su 5<\/span><\/div><div class=\"woocommerce-review-link\" style=\"margin-bottom: 10px;\"><a href=\"https:\/\/medirelax.nl\/it\/product\/dispositivo-per-lanalisi-del-cuoio-capelluto\/#reviews\" style=\"text-decoration: none; color: inherit;\"><div class=\"star-rating\" role=\"img\" aria-label=\"Voto 4,67 su 5\" style=\"margin-bottom: 3px;\"><span style=\"width:93.4%;\">Recensito <strong class=\"rating\">4.67<\/strong> su 5<\/span><\/div><span style=\"font-size: 14px; color: #555; margin-top: 1px; display: inline-block;\">(9 recensioni)<\/span><\/a><\/div>\n\t<span class=\"price\"><span class=\"woocommerce-Price-amount amount\"><bdi><span class=\"woocommerce-Price-currencySymbol\">\u20ac<\/span>&nbsp;299<\/bdi><\/span> <small>(IVA esclusa)<\/small><\/span>\n<\/a><a href=\"\/it\/wp-json\/wp\/v2\/product\/12094?add-to-cart=9734\" aria-describedby=\"woocommerce_loop_add_to_cart_link_describedby_9734\" data-quantity=\"1\" class=\"button product_type_simple add_to_cart_button ajax_add_to_cart\" data-product_id=\"9734\" data-product_sku=\"\" aria-label=\"Aggiungi al carrello: &quot;Hoofdhuid Analyse Apparaat&quot;\" rel=\"nofollow\" data-success_message=\"&quot;Hoofdhuid Analyse Apparaat&quot; \u00e8 stato aggiunto al tuo carrello.\" role=\"button\" data-no-translation=\"\" data-trp-gettext=\"\" data-no-translation-aria-label=\"\" data-no-translation-data-success_message=\"\">Aggiungi al carrello<\/a>\t<span id=\"woocommerce_loop_add_to_cart_link_describedby_9734\" class=\"screen-reader-text\">\n\t\t\t<\/span>\n<span class=\"gtm4wp_productdata\" style=\"display:none; visibility:hidden;\" data-gtm4wp_product_data=\"{&quot;internal_id&quot;:9734,&quot;item_id&quot;:9734,&quot;item_name&quot;:&quot;Hoofdhuid Analyse Apparaat&quot;,&quot;sku&quot;:9734,&quot;price&quot;:299,&quot;stocklevel&quot;:null,&quot;stockstatus&quot;:&quot;instock&quot;,&quot;google_business_vertical&quot;:&quot;retail&quot;,&quot;item_category&quot;:&quot;Salon&quot;,&quot;id&quot;:9734,&quot;productlink&quot;:&quot;https:\\\/\\\/medirelax.nl\\\/it\\\/product\\\/dispositivo-per-lanalisi-del-cuoio-capelluto\\\/&quot;,&quot;item_list_name&quot;:&quot;General Product List&quot;,&quot;index&quot;:4,&quot;product_type&quot;:&quot;simple&quot;,&quot;item_brand&quot;:&quot;&quot;}\"><\/span><\/li>\n<\/ul>\n<\/div>\t\t\t\t<\/div>\n\t\t\t\t<\/div>\n\t\t\t\t\t<\/div>\n\t\t\t\t<\/div>\n\t\t<div class=\"elementor-element elementor-element-7b01851 e-flex e-con-boxed e-con e-parent\" data-id=\"7b01851\" data-element_type=\"container\" data-e-type=\"container\" data-settings=\"{&quot;background_background&quot;:&quot;classic&quot;}\">\n\t\t\t\t\t<div class=\"e-con-inner\">\n\t\t\t\t<div class=\"elementor-element elementor-element-24f2410 elementor-mobile-align-center elementor-align-center elementor-widget elementor-widget-button\" data-id=\"24f2410\" data-element_type=\"widget\" data-e-type=\"widget\" data-widget_type=\"button.default\">\n\t\t\t\t<div class=\"elementor-widget-container\">\n\t\t\t\t\t\t\t\t\t<div class=\"elementor-button-wrapper\">\n\t\t\t\t\t<a class=\"elementor-button elementor-button-link elementor-size-sm\" href=\"https:\/\/medirelax.nl\/it\/categoria-di-prodotto\/headspa\/\">\n\t\t\t\t\t\t<span class=\"elementor-button-content-wrapper\">\n\t\t\t\t\t\t\t\t\t<span class=\"elementor-button-text\">Visualizza tutte le lampade per la testa<\/span>\n\t\t\t\t\t<\/span>\n\t\t\t\t\t<\/a>\n\t\t\t\t<\/div>\n\t\t\t\t\t\t\t\t<\/div>\n\t\t\t\t<\/div>\n\t\t\t\t\t<\/div>\n\t\t\t\t<\/div>\n\t\t\t\t<\/div>","protected":false},"excerpt":{"rendered":"<p>\u2713 <span class=\"elementor-icon-list-text\">N. 1 Lettino Headspa con pediluvio<br \/>\n<\/span>\u2713 Bacino in ceramica<br \/>\n\u2713 Luce per fototerapia<br \/>\n\u2713 Motore a vapore + cappa a vapore<br \/>\n\u2713 Sedia su ruote dello stesso colore<br \/>\n\u2713 Cuscini di massaggio aggiuntivi<br \/>\n\u2713 Collegamento diretto all'acqua<br \/>\n\u2713 203 x 88 x 80 cm<\/p>\n<p><strong>Vista <a href=\"https:\/\/medirelax.nl\/it\/categoria-di-prodotto\/headspa\/\">QUI<\/a> tutti i colori<\/strong><\/p>\n<p><span style=\"color: #008000;\">In productie: Levering in april\/mei.<\/span><\/p>","protected":false},"featured_media":12095,"comment_status":"open","ping_status":"closed","template":"","meta":[],"product_brand":[],"product_cat":[59],"product_tag":[],"class_list":{"0":"post-12094","1":"product","2":"type-product","3":"status-publish","4":"has-post-thumbnail","6":"product_cat-headspa","7":"product_shipping_class-headspa","9":"first","10":"instock","11":"taxable","12":"shipping-taxable","13":"purchasable","14":"product-type-simple"},"yoast_head":"<!-- This site is optimized with the Yoast SEO plugin v27.4 - https:\/\/yoast.com\/product\/yoast-seo-wordpress\/ -->\n<title>Headspa Voetbad Deluxe - Beige (80cm hoogte) - MediRelaxa<\/title>\n<meta name=\"description\" content=\"\u2713 Nr. 1 Headspa bed met voetbad \u2713 Keramische wastafel \u2713 Phototherapy licht \u2713 Stoommachine + stoomkap \u2713 Stoel op wieltjes in dezelfde kleur \u2713 Extra massagekussens \u2713 Directe wateraansluiting \u2713 203 x 88 x 80 cm  Bekijk HIER alle kleuren  In productie: Levering in april\/mei.\" \/>\n<meta name=\"robots\" content=\"index, follow, max-snippet:-1, max-image-preview:large, max-video-preview:-1\" \/>\n<link rel=\"canonical\" href=\"https:\/\/medirelax.nl\/it\/product\/headspa-voetbad-deluxe-beige\/\" \/>\n<meta property=\"og:locale\" content=\"it_IT\" \/>\n<meta property=\"og:type\" content=\"article\" \/>\n<meta property=\"og:title\" content=\"Headspa Voetbad Deluxe - Beige (80cm hoogte) - MediRelaxa\" \/>\n<meta property=\"og:description\" content=\"\u2713 Nr. 1 Headspa bed met voetbad \u2713 Keramische wastafel \u2713 Phototherapy licht \u2713 Stoommachine + stoomkap \u2713 Stoel op wieltjes in dezelfde kleur \u2713 Extra massagekussens \u2713 Directe wateraansluiting \u2713 203 x 88 x 80 cm  Bekijk HIER alle kleuren  In productie: Levering in april\/mei.\" \/>\n<meta property=\"og:url\" content=\"https:\/\/medirelax.nl\/it\/product\/headspa-voetbad-deluxe-beige\/\" \/>\n<meta property=\"og:site_name\" content=\"MediRelaxa\" \/>\n<meta property=\"article:modified_time\" content=\"2026-02-07T15:14:05+00:00\" \/>\n<meta property=\"og:image\" content=\"https:\/\/medirelax.nl\/wp-content\/uploads\/2026\/01\/Wooden-headspa-4.jpg\" \/>\n\t<meta property=\"og:image:width\" content=\"1200\" \/>\n\t<meta property=\"og:image:height\" content=\"1200\" \/>\n\t<meta property=\"og:image:type\" content=\"image\/jpeg\" \/>\n<meta name=\"twitter:card\" content=\"summary_large_image\" \/>\n<meta name=\"twitter:label1\" content=\"Tempo di lettura stimato\" \/>\n\t<meta name=\"twitter:data1\" content=\"6 minuti\" \/>\n<script type=\"application\/ld+json\" class=\"yoast-schema-graph\">{\"@context\":\"https:\\\/\\\/schema.org\",\"@graph\":[{\"@type\":\"WebPage\",\"@id\":\"https:\\\/\\\/medirelax.nl\\\/product\\\/headspa-voetbad-deluxe-beige\\\/\",\"url\":\"https:\\\/\\\/medirelax.nl\\\/product\\\/headspa-voetbad-deluxe-beige\\\/\",\"name\":\"Headspa Voetbad Deluxe - Beige (80cm hoogte) - MediRelaxa\",\"isPartOf\":{\"@id\":\"https:\\\/\\\/medirelax.nl\\\/#website\"},\"primaryImageOfPage\":{\"@id\":\"https:\\\/\\\/medirelax.nl\\\/product\\\/headspa-voetbad-deluxe-beige\\\/#primaryimage\"},\"image\":{\"@id\":\"https:\\\/\\\/medirelax.nl\\\/product\\\/headspa-voetbad-deluxe-beige\\\/#primaryimage\"},\"thumbnailUrl\":\"https:\\\/\\\/i0.wp.com\\\/medirelax.nl\\\/wp-content\\\/uploads\\\/2026\\\/01\\\/Wooden-headspa-4.jpg?fit=1200%2C1200&ssl=1\",\"datePublished\":\"2026-01-14T01:29:59+00:00\",\"dateModified\":\"2026-02-07T15:14:05+00:00\",\"description\":\"\u2713 Nr. 1 Headspa bed met voetbad \u2713 Keramische wastafel \u2713 Phototherapy licht \u2713 Stoommachine + stoomkap \u2713 Stoel op wieltjes in dezelfde kleur \u2713 Extra massagekussens \u2713 Directe wateraansluiting \u2713 203 x 88 x 80 cm Bekijk HIER alle kleuren In productie: Levering in april\\\/mei.\",\"breadcrumb\":{\"@id\":\"https:\\\/\\\/medirelax.nl\\\/product\\\/headspa-voetbad-deluxe-beige\\\/#breadcrumb\"},\"inLanguage\":\"it-IT\",\"potentialAction\":[{\"@type\":\"ReadAction\",\"target\":[\"https:\\\/\\\/medirelax.nl\\\/product\\\/headspa-voetbad-deluxe-beige\\\/\"]}]},{\"@type\":\"ImageObject\",\"inLanguage\":\"it-IT\",\"@id\":\"https:\\\/\\\/medirelax.nl\\\/product\\\/headspa-voetbad-deluxe-beige\\\/#primaryimage\",\"url\":\"https:\\\/\\\/i0.wp.com\\\/medirelax.nl\\\/wp-content\\\/uploads\\\/2026\\\/01\\\/Wooden-headspa-4.jpg?fit=1200%2C1200&ssl=1\",\"contentUrl\":\"https:\\\/\\\/i0.wp.com\\\/medirelax.nl\\\/wp-content\\\/uploads\\\/2026\\\/01\\\/Wooden-headspa-4.jpg?fit=1200%2C1200&ssl=1\",\"width\":1200,\"height\":1200},{\"@type\":\"BreadcrumbList\",\"@id\":\"https:\\\/\\\/medirelax.nl\\\/product\\\/headspa-voetbad-deluxe-beige\\\/#breadcrumb\",\"itemListElement\":[{\"@type\":\"ListItem\",\"position\":1,\"name\":\"Shop\",\"item\":\"https:\\\/\\\/medirelax.nl\\\/webstore\\\/\"},{\"@type\":\"ListItem\",\"position\":2,\"name\":\"Headspa Voetbad Deluxe &#8211; Beige (80cm hoogte)\"}]},{\"@type\":\"WebSite\",\"@id\":\"https:\\\/\\\/medirelax.nl\\\/#website\",\"url\":\"https:\\\/\\\/medirelax.nl\\\/\",\"name\":\"MediRelaxa\",\"description\":\"Luxueus Ontspannen in onze Designer Massagestoelen\",\"publisher\":{\"@id\":\"https:\\\/\\\/medirelax.nl\\\/#organization\"},\"alternateName\":\"Ontspanning op elk moment: Beleef ultieme rust met onze massagestoelen.\",\"potentialAction\":[{\"@type\":\"SearchAction\",\"target\":{\"@type\":\"EntryPoint\",\"urlTemplate\":\"https:\\\/\\\/medirelax.nl\\\/?s={search_term_string}\"},\"query-input\":{\"@type\":\"PropertyValueSpecification\",\"valueRequired\":true,\"valueName\":\"search_term_string\"}}],\"inLanguage\":\"it-IT\"},{\"@type\":\"Organization\",\"@id\":\"https:\\\/\\\/medirelax.nl\\\/#organization\",\"name\":\"MediRelaxa\",\"url\":\"https:\\\/\\\/medirelax.nl\\\/\",\"logo\":{\"@type\":\"ImageObject\",\"inLanguage\":\"it-IT\",\"@id\":\"https:\\\/\\\/medirelax.nl\\\/#\\\/schema\\\/logo\\\/image\\\/\",\"url\":\"https:\\\/\\\/i0.wp.com\\\/medirelax.nl\\\/wp-content\\\/uploads\\\/2024\\\/06\\\/medirelaxa-logo-vierkant-nl.jpg?fit=1300%2C1300&ssl=1\",\"contentUrl\":\"https:\\\/\\\/i0.wp.com\\\/medirelax.nl\\\/wp-content\\\/uploads\\\/2024\\\/06\\\/medirelaxa-logo-vierkant-nl.jpg?fit=1300%2C1300&ssl=1\",\"width\":1300,\"height\":1300,\"caption\":\"MediRelaxa\"},\"image\":{\"@id\":\"https:\\\/\\\/medirelax.nl\\\/#\\\/schema\\\/logo\\\/image\\\/\"},\"sameAs\":[\"https:\\\/\\\/www.youtube.com\\\/@MediRelaxa\"]}]}<\/script>\n<!-- \/ Yoast SEO plugin. -->","yoast_head_json":{"title":"Headspa Voetbad Deluxe - Beige (80cm hoogte) - MediRelaxa","description":"\u2713 Nr. 1 Headspa bed met voetbad \u2713 Keramische wastafel \u2713 Phototherapy licht \u2713 Stoommachine + stoomkap \u2713 Stoel op wieltjes in dezelfde kleur \u2713 Extra massagekussens \u2713 Directe wateraansluiting \u2713 203 x 88 x 80 cm  Bekijk HIER alle kleuren  In productie: Levering in april\/mei.","robots":{"index":"index","follow":"follow","max-snippet":"max-snippet:-1","max-image-preview":"max-image-preview:large","max-video-preview":"max-video-preview:-1"},"canonical":"https:\/\/medirelax.nl\/it\/product\/headspa-voetbad-deluxe-beige\/","og_locale":"it_IT","og_type":"article","og_title":"Headspa Voetbad Deluxe - Beige (80cm hoogte) - MediRelaxa","og_description":"\u2713 Nr. 1 Headspa bed met voetbad \u2713 Keramische wastafel \u2713 Phototherapy licht \u2713 Stoommachine + stoomkap \u2713 Stoel op wieltjes in dezelfde kleur \u2713 Extra massagekussens \u2713 Directe wateraansluiting \u2713 203 x 88 x 80 cm  Bekijk HIER alle kleuren  In productie: Levering in april\/mei.","og_url":"https:\/\/medirelax.nl\/it\/product\/headspa-voetbad-deluxe-beige\/","og_site_name":"MediRelaxa","article_modified_time":"2026-02-07T15:14:05+00:00","og_image":[{"width":1200,"height":1200,"url":"https:\/\/medirelax.nl\/wp-content\/uploads\/2026\/01\/Wooden-headspa-4.jpg","type":"image\/jpeg"}],"twitter_card":"summary_large_image","twitter_misc":{"Tempo di lettura stimato":"6 minuti"},"schema":{"@context":"https:\/\/schema.org","@graph":[{"@type":"WebPage","@id":"https:\/\/medirelax.nl\/product\/headspa-voetbad-deluxe-beige\/","url":"https:\/\/medirelax.nl\/product\/headspa-voetbad-deluxe-beige\/","name":"Headspa Voetbad Deluxe - Beige (80cm hoogte) - MediRelaxa","isPartOf":{"@id":"https:\/\/medirelax.nl\/#website"},"primaryImageOfPage":{"@id":"https:\/\/medirelax.nl\/product\/headspa-voetbad-deluxe-beige\/#primaryimage"},"image":{"@id":"https:\/\/medirelax.nl\/product\/headspa-voetbad-deluxe-beige\/#primaryimage"},"thumbnailUrl":"https:\/\/i0.wp.com\/medirelax.nl\/wp-content\/uploads\/2026\/01\/Wooden-headspa-4.jpg?fit=1200%2C1200&ssl=1","datePublished":"2026-01-14T01:29:59+00:00","dateModified":"2026-02-07T15:14:05+00:00","description":"\u2713 Nr. 1 Headspa bed met voetbad \u2713 Keramische wastafel \u2713 Phototherapy licht \u2713 Stoommachine + stoomkap \u2713 Stoel op wieltjes in dezelfde kleur \u2713 Extra massagekussens \u2713 Directe wateraansluiting \u2713 203 x 88 x 80 cm Bekijk HIER alle kleuren In productie: Levering in april\/mei.","breadcrumb":{"@id":"https:\/\/medirelax.nl\/product\/headspa-voetbad-deluxe-beige\/#breadcrumb"},"inLanguage":"it-IT","potentialAction":[{"@type":"ReadAction","target":["https:\/\/medirelax.nl\/product\/headspa-voetbad-deluxe-beige\/"]}]},{"@type":"ImageObject","inLanguage":"it-IT","@id":"https:\/\/medirelax.nl\/product\/headspa-voetbad-deluxe-beige\/#primaryimage","url":"https:\/\/i0.wp.com\/medirelax.nl\/wp-content\/uploads\/2026\/01\/Wooden-headspa-4.jpg?fit=1200%2C1200&ssl=1","contentUrl":"https:\/\/i0.wp.com\/medirelax.nl\/wp-content\/uploads\/2026\/01\/Wooden-headspa-4.jpg?fit=1200%2C1200&ssl=1","width":1200,"height":1200},{"@type":"BreadcrumbList","@id":"https:\/\/medirelax.nl\/product\/headspa-voetbad-deluxe-beige\/#breadcrumb","itemListElement":[{"@type":"ListItem","position":1,"name":"Shop","item":"https:\/\/medirelax.nl\/webstore\/"},{"@type":"ListItem","position":2,"name":"Headspa Voetbad Deluxe &#8211; Beige (80cm hoogte)"}]},{"@type":"WebSite","@id":"https:\/\/medirelax.nl\/#website","url":"https:\/\/medirelax.nl\/","name":"MediRelaxa","description":"Relax di lusso sulle nostre poltrone da massaggio di design","publisher":{"@id":"https:\/\/medirelax.nl\/#organization"},"alternateName":"Ontspanning op elk moment: Beleef ultieme rust met onze massagestoelen.","potentialAction":[{"@type":"SearchAction","target":{"@type":"EntryPoint","urlTemplate":"https:\/\/medirelax.nl\/?s={search_term_string}"},"query-input":{"@type":"PropertyValueSpecification","valueRequired":true,"valueName":"search_term_string"}}],"inLanguage":"it-IT"},{"@type":"Organization","@id":"https:\/\/medirelax.nl\/#organization","name":"MediRelaxa","url":"https:\/\/medirelax.nl\/","logo":{"@type":"ImageObject","inLanguage":"it-IT","@id":"https:\/\/medirelax.nl\/#\/schema\/logo\/image\/","url":"https:\/\/i0.wp.com\/medirelax.nl\/wp-content\/uploads\/2024\/06\/medirelaxa-logo-vierkant-nl.jpg?fit=1300%2C1300&ssl=1","contentUrl":"https:\/\/i0.wp.com\/medirelax.nl\/wp-content\/uploads\/2024\/06\/medirelaxa-logo-vierkant-nl.jpg?fit=1300%2C1300&ssl=1","width":1300,"height":1300,"caption":"MediRelaxa"},"image":{"@id":"https:\/\/medirelax.nl\/#\/schema\/logo\/image\/"},"sameAs":["https:\/\/www.youtube.com\/@MediRelaxa"]}]}},"jetpack_sharing_enabled":true,"_links":{"self":[{"href":"https:\/\/medirelax.nl\/it\/wp-json\/wp\/v2\/product\/12094","targetHints":{"allow":["GET"]}}],"collection":[{"href":"https:\/\/medirelax.nl\/it\/wp-json\/wp\/v2\/product"}],"about":[{"href":"https:\/\/medirelax.nl\/it\/wp-json\/wp\/v2\/types\/product"}],"replies":[{"embeddable":true,"href":"https:\/\/medirelax.nl\/it\/wp-json\/wp\/v2\/comments?post=12094"}],"version-history":[{"count":8,"href":"https:\/\/medirelax.nl\/it\/wp-json\/wp\/v2\/product\/12094\/revisions"}],"predecessor-version":[{"id":12161,"href":"https:\/\/medirelax.nl\/it\/wp-json\/wp\/v2\/product\/12094\/revisions\/12161"}],"wp:featuredmedia":[{"embeddable":true,"href":"https:\/\/medirelax.nl\/it\/wp-json\/wp\/v2\/media\/12095"}],"wp:attachment":[{"href":"https:\/\/medirelax.nl\/it\/wp-json\/wp\/v2\/media?parent=12094"}],"wp:term":[{"taxonomy":"product_brand","embeddable":true,"href":"https:\/\/medirelax.nl\/it\/wp-json\/wp\/v2\/product_brand?post=12094"},{"taxonomy":"product_cat","embeddable":true,"href":"https:\/\/medirelax.nl\/it\/wp-json\/wp\/v2\/product_cat?post=12094"},{"taxonomy":"product_tag","embeddable":true,"href":"https:\/\/medirelax.nl\/it\/wp-json\/wp\/v2\/product_tag?post=12094"}],"curies":[{"name":"wp","href":"https:\/\/api.w.org\/{rel}","templated":true}]}}